{"id":6318,"date":"2023-09-05T12:57:05","date_gmt":"2023-09-05T12:57:05","guid":{"rendered":"https:\/\/degertauto.web-devtesting.xyz\/historiku\/"},"modified":"2024-04-24T08:56:21","modified_gmt":"2024-04-24T08:56:21","slug":"unternehmensgeschichte","status":"publish","type":"page","link":"https:\/\/degertauto.com\/de\/unternehmensgeschichte\/","title":{"rendered":"Unternehmensgeschichte"},"content":{"rendered":"\t\t<div data-elementor-type=\"wp-page\" data-elementor-id=\"6318\" class=\"elementor elementor-6318 elementor-1884\">\n\t\t\t\t\t\t\t<div class=\"elementor-element elementor-element-8d765dc e-flex e-con-boxed e-con\" data-id=\"8d765dc\" data-element_type=\"container\" data-settings=\"{&quot;background_background&quot;:&quot;classic&quot;,&quot;content_width&quot;:&quot;boxed&quot;}\">\n\t\t\t\t\t<div class=\"e-con-inner\">\n\t\t\t\t<div class=\"elementor-element elementor-element-eb3a0a7 elementor-widget elementor-widget-button\" data-id=\"eb3a0a7\" data-element_type=\"widget\" data-widget_type=\"button.default\">\n\t\t\t\t<div class=\"elementor-widget-container\">\n\t\t\t\t\t<div class=\"elementor-button-wrapper\">\n\t\t\t<a class=\"elementor-button elementor-button-link elementor-size-sm\" href=\"\/de\/ueber-uns\/\">\n\t\t\t\t\t\t<span class=\"elementor-button-content-wrapper\">\n\t\t\t\t\t\t<span class=\"elementor-button-icon elementor-align-icon-left\">\n\t\t\t\t<i aria-hidden=\"true\" class=\"fas fa-long-arrow-alt-left\"><\/i>\t\t\t<\/span>\n\t\t\t\t\t\t<span class=\"elementor-button-text\">Zur\u00fcck<\/span>\n\t\t<\/span>\n\t\t\t\t\t<\/a>\n\t\t<\/div>\n\t\t\t\t<\/div>\n\t\t\t\t<\/div>\n\t\t\t\t\t<\/div>\n\t\t\t\t<\/div>\n\t\t<div class=\"elementor-element elementor-element-19e103b home-about e-flex e-con-boxed e-con\" data-id=\"19e103b\" data-element_type=\"container\" data-settings=\"{&quot;content_width&quot;:&quot;boxed&quot;}\">\n\t\t\t\t\t<div class=\"e-con-inner\">\n\t\t<div class=\"elementor-element elementor-element-a216b57 e-con-full left-col-about e-flex elementor-invisible e-con\" data-id=\"a216b57\" data-element_type=\"container\" data-settings=\"{&quot;content_width&quot;:&quot;full&quot;,&quot;background_background&quot;:&quot;classic&quot;,&quot;animation&quot;:&quot;fadeInLeft&quot;}\">\n\t\t\t\t<div class=\"elementor-element elementor-element-0d69636 elementor-widget elementor-widget-heading\" data-id=\"0d69636\" data-element_type=\"widget\" data-widget_type=\"heading.default\">\n\t\t\t\t<div class=\"elementor-widget-container\">\n\t\t\t<style>\/*! elementor - v3.15.0 - 09-08-2023 *\/\n.elementor-heading-title{padding:0;margin:0;line-height:1}.elementor-widget-heading .elementor-heading-title[class*=elementor-size-]>a{color:inherit;font-size:inherit;line-height:inherit}.elementor-widget-heading .elementor-heading-title.elementor-size-small{font-size:15px}.elementor-widget-heading .elementor-heading-title.elementor-size-medium{font-size:19px}.elementor-widget-heading .elementor-heading-title.elementor-size-large{font-size:29px}.elementor-widget-heading .elementor-heading-title.elementor-size-xl{font-size:39px}.elementor-widget-heading .elementor-heading-title.elementor-size-xxl{font-size:59px}<\/style><h4 class=\"elementor-heading-title elementor-size-default\">UNTERNEHMENSGESCHICHTE<\/h4>\t\t<\/div>\n\t\t\t\t<\/div>\n\t\t\t\t<div class=\"elementor-element elementor-element-b634763 elementor-widget elementor-widget-heading\" data-id=\"b634763\" data-element_type=\"widget\" data-widget_type=\"heading.default\">\n\t\t\t\t<div class=\"elementor-widget-container\">\n\t\t\t<h2 class=\"elementor-heading-title elementor-size-default\">30 JAHRE BEI IHNEN <\/h2>\t\t<\/div>\n\t\t\t\t<\/div>\n\t\t\t\t<div class=\"elementor-element elementor-element-d4c00ed elementor-widget elementor-widget-text-editor\" data-id=\"d4c00ed\" data-element_type=\"widget\" data-widget_type=\"text-editor.default\">\n\t\t\t\t<div class=\"elementor-widget-container\">\n\t\t\t<style>\/*! elementor - v3.15.0 - 09-08-2023 *\/\n.elementor-widget-text-editor.elementor-drop-cap-view-stacked .elementor-drop-cap{background-color:#69727d;color:#fff}.elementor-widget-text-editor.elementor-drop-cap-view-framed .elementor-drop-cap{color:#69727d;border:3px solid;background-color:transparent}.elementor-widget-text-editor:not(.elementor-drop-cap-view-default) .elementor-drop-cap{margin-top:8px}.elementor-widget-text-editor:not(.elementor-drop-cap-view-default) .elementor-drop-cap-letter{width:1em;height:1em}.elementor-widget-text-editor .elementor-drop-cap{float:left;text-align:center;line-height:1;font-size:50px}.elementor-widget-text-editor .elementor-drop-cap-letter{display:inline-block}<\/style>\t\t\t\t<p>\u201cDegert Auto AG\u201e hatte seine bescheidenen Anf\u00e4nge im Jahr 1994, eine T\u00e4tigkeit, die im Laufe der Zeit konsolidiert und verbessert wurde und heute als einer der ernsthaftesten und wohlwollendsten Partner f\u00fcr eine gro\u00dfe Anzahl von Unternehmen in Albanien gilt.<\/p><p>Der Gr\u00fcnder von \u201cDegert Auto AG\u201e verfolgte von Anfang an eine Strategie der Differenzierung der von ihm vermarkteten Produkte und orientierte sich dabei sowohl an den Anforderungen des Marktes als auch an den Bed\u00fcrfnissen der Kunden.<\/p><p>Im Zuge des Wachstums wurde das Personal schrittweise erweitert und hat sich optimal auf die Branche spezialisiert, in der das Unternehmen t\u00e4tig ist.<\/p>\t\t\t\t\t\t<\/div>\n\t\t\t\t<\/div>\n\t\t\t\t<\/div>\n\t\t<div class=\"elementor-element elementor-element-33f9524 e-con-full e-flex elementor-invisible e-con\" data-id=\"33f9524\" data-element_type=\"container\" data-settings=\"{&quot;content_width&quot;:&quot;full&quot;,&quot;animation&quot;:&quot;fadeInRight&quot;}\">\n\t\t\t\t<div class=\"elementor-element elementor-element-8025d0e image-about single-category elementor-widget elementor-widget-image\" data-id=\"8025d0e\" data-element_type=\"widget\" data-widget_type=\"image.default\">\n\t\t\t\t<div class=\"elementor-widget-container\">\n\t\t\t<style>\/*! elementor - v3.15.0 - 09-08-2023 *\/\n.elementor-widget-image{text-align:center}.elementor-widget-image a{display:inline-block}.elementor-widget-image a img[src$=\".svg\"]{width:48px}.elementor-widget-image img{vertical-align:middle;display:inline-block}<\/style>\t\t\t\t\t\t\t\t\t\t\t\t<img loading=\"lazy\" decoding=\"async\" width=\"1520\" height=\"1000\" src=\"https:\/\/degertauto.com\/wp-content\/uploads\/2023\/10\/historiku-foto-dyqani-lac.jpg\" class=\"attachment-full size-full wp-image-5492\" alt=\"\" srcset=\"https:\/\/degertauto.com\/wp-content\/uploads\/2023\/10\/historiku-foto-dyqani-lac.jpg 1520w, https:\/\/degertauto.com\/wp-content\/uploads\/2023\/10\/historiku-foto-dyqani-lac-300x197.jpg 300w, https:\/\/degertauto.com\/wp-content\/uploads\/2023\/10\/historiku-foto-dyqani-lac-1024x674.jpg 1024w, https:\/\/degertauto.com\/wp-content\/uploads\/2023\/10\/historiku-foto-dyqani-lac-768x505.jpg 768w\" sizes=\"auto, (max-width: 1520px) 100vw, 1520px\" \/>\t\t\t\t\t\t\t\t\t\t\t\t\t\t\t<\/div>\n\t\t\t\t<\/div>\n\t\t\t\t<\/div>\n\t\t\t\t\t<\/div>\n\t\t\t\t<\/div>\n\t\t<div class=\"elementor-element elementor-element-80eecb9 e-flex e-con-boxed elementor-invisible e-con\" data-id=\"80eecb9\" data-element_type=\"container\" data-settings=\"{&quot;animation&quot;:&quot;fadeIn&quot;,&quot;content_width&quot;:&quot;boxed&quot;}\">\n\t\t\t\t\t<div class=\"e-con-inner\">\n\t\t\t\t<div class=\"elementor-element elementor-element-aab968e elementor-widget elementor-widget-wil-timeline\" data-id=\"aab968e\" data-element_type=\"widget\" data-widget_type=\"wil-timeline.default\">\n\t\t\t\t<div class=\"elementor-widget-container\">\n\t\t\t\n\n\n\n<div class=\"wil-timeline-wrapper\">\n                                  <div class=\"wil-timeline pos:relative ov:hidden maw:860px m:auto d:flex c:#000 lh:1.5 \">\n      <div class=\"wil-timeline__inner m:20px_0 mr:40px@+sm d:flex@sm ai:center pos:relative \">\n\n                  <div class=\"w:50%@sm mr:30px@sm\">\n            <img decoding=\"async\" class=\"w:100% va:middle bdrs:15px\" src=\"https:\/\/degertauto.com\/wp-content\/uploads\/2023\/12\/kavaje.jpg\" alt=\"\">\n          <\/div>\n        \n        <div class=\"wil-timeline__content w:50%@sm ml:30px@sm\">\n                      <div class=\"wil-timeline__time fz:pfs(40px,80px) timeTypo c:#eee lts:1px fw:700!\" style=\"\">\n              <span>2023<\/span>\n            <\/div>\n                    <div class=\"pos:absolute z:9 t:50% r:-44px@+md l:50%@md trf:translate(-50%,-50%)_rotate(45deg) w:16px h:16px bgc:#fff c:#eee bd:2px_solid_currentcolor\" style=\"\"><\/div>\n                      <h2 class=\"wil-timeline__title titleTypo m:0 fz:pfs(22px,26px) lts:1px fw:600!\" style=\"\">Unser Store in Kavaja<\/h2>\n                                <div class=\"wil-timeline__text textTypo mt:10px op:0.8 fz:15px c:#444\" style=\"\">Unser neuer Gesch\u00e4ftsladen zur Erweiterung unseres Netzwerks...<\/div>\n                            <\/div>\n      <\/div>\n      <div class=\"pos:absolute t:0 r:12px r:50%@sm w:2px h:100% mr:-1px bgc:#eee bdrs:2px\" style=\"\"><\/div>\n    <\/div>\n                                  <div class=\"wil-timeline pos:relative ov:hidden maw:860px m:auto d:flex c:#000 lh:1.5 jc:flex-end@sm\">\n      <div class=\"wil-timeline__inner m:20px_0 mr:40px@+sm d:flex@sm ai:center pos:relative flf:row-reverse\">\n\n                  <div class=\"w:50%@sm ml:30px@sm\">\n            <img decoding=\"async\" class=\"w:100% va:middle bdrs:15px\" src=\"https:\/\/degertauto.com\/wp-content\/uploads\/2023\/10\/magazina-degert-fier.jpg\" alt=\"\">\n          <\/div>\n        \n        <div class=\"wil-timeline__content w:50%@sm mr:30px@sm ta:right@sm\">\n                      <div class=\"wil-timeline__time fz:pfs(40px,80px) timeTypo c:#eee lts:1px fw:700!\" style=\"\">\n              <span>2022<\/span>\n            <\/div>\n                    <div class=\"pos:absolute z:9 t:50% r:-44px@+md l:50%@md trf:translate(-50%,-50%)_rotate(45deg) w:16px h:16px bgc:#fff c:#eee bd:2px_solid_currentcolor\" style=\"\"><\/div>\n                      <h2 class=\"wil-timeline__title titleTypo m:0 fz:pfs(22px,26px) lts:1px fw:600!\" style=\"\">Lager in Fier<\/h2>\n                                <div class=\"wil-timeline__text textTypo mt:10px op:0.8 fz:15px c:#444\" style=\"\">Neues Lager im Industriegebiet Fier, Albanien<\/div>\n                            <\/div>\n      <\/div>\n      <div class=\"pos:absolute t:0 r:12px r:50%@sm w:2px h:100% mr:-1px bgc:#eee bdrs:2px\" style=\"\"><\/div>\n    <\/div>\n                                  <div class=\"wil-timeline pos:relative ov:hidden maw:860px m:auto d:flex c:#000 lh:1.5 \">\n      <div class=\"wil-timeline__inner m:20px_0 mr:40px@+sm d:flex@sm ai:center pos:relative \">\n\n                  <div class=\"w:50%@sm mr:30px@sm\">\n            <img decoding=\"async\" class=\"w:100% va:middle bdrs:15px\" src=\"https:\/\/degertauto.com\/wp-content\/uploads\/2023\/10\/magazina-e-lezhes.jpg\" alt=\"\">\n          <\/div>\n        \n        <div class=\"wil-timeline__content w:50%@sm ml:30px@sm\">\n                      <div class=\"wil-timeline__time fz:pfs(40px,80px) timeTypo c:#eee lts:1px fw:700!\" style=\"\">\n              <span>2021<\/span>\n            <\/div>\n                    <div class=\"pos:absolute z:9 t:50% r:-44px@+md l:50%@md trf:translate(-50%,-50%)_rotate(45deg) w:16px h:16px bgc:#fff c:#eee bd:2px_solid_currentcolor\" style=\"\"><\/div>\n                      <h2 class=\"wil-timeline__title titleTypo m:0 fz:pfs(22px,26px) lts:1px fw:600!\" style=\"\">Lager in Lezh\u00eb<\/h2>\n                                <div class=\"wil-timeline__text textTypo mt:10px op:0.8 fz:15px c:#444\" style=\"\">Einweihung des Lagers in Lezha.<\/div>\n                            <\/div>\n      <\/div>\n      <div class=\"pos:absolute t:0 r:12px r:50%@sm w:2px h:100% mr:-1px bgc:#eee bdrs:2px\" style=\"\"><\/div>\n    <\/div>\n                                  <div class=\"wil-timeline pos:relative ov:hidden maw:860px m:auto d:flex c:#000 lh:1.5 jc:flex-end@sm\">\n      <div class=\"wil-timeline__inner m:20px_0 mr:40px@+sm d:flex@sm ai:center pos:relative flf:row-reverse\">\n\n                  <div class=\"w:50%@sm ml:30px@sm\">\n            <img decoding=\"async\" class=\"w:100% va:middle bdrs:15px\" src=\"https:\/\/degertauto.com\/wp-content\/uploads\/2023\/09\/Dyqani-LUSHNJE.jpg\" alt=\"\">\n          <\/div>\n        \n        <div class=\"wil-timeline__content w:50%@sm mr:30px@sm ta:right@sm\">\n                      <div class=\"wil-timeline__time fz:pfs(40px,80px) timeTypo c:#eee lts:1px fw:700!\" style=\"\">\n              <span>2021<\/span>\n            <\/div>\n                    <div class=\"pos:absolute z:9 t:50% r:-44px@+md l:50%@md trf:translate(-50%,-50%)_rotate(45deg) w:16px h:16px bgc:#fff c:#eee bd:2px_solid_currentcolor\" style=\"\"><\/div>\n                      <h2 class=\"wil-timeline__title titleTypo m:0 fz:pfs(22px,26px) lts:1px fw:600!\" style=\"\">Unser Store in Lushnje<\/h2>\n                                <div class=\"wil-timeline__text textTypo mt:10px op:0.8 fz:15px c:#444\" style=\"\">Unser neuer Gesch\u00e4ftsladen zur Erweiterung unseres Netzwerks...<\/div>\n                            <\/div>\n      <\/div>\n      <div class=\"pos:absolute t:0 r:12px r:50%@sm w:2px h:100% mr:-1px bgc:#eee bdrs:2px\" style=\"\"><\/div>\n    <\/div>\n                                  <div class=\"wil-timeline pos:relative ov:hidden maw:860px m:auto d:flex c:#000 lh:1.5 \">\n      <div class=\"wil-timeline__inner m:20px_0 mr:40px@+sm d:flex@sm ai:center pos:relative \">\n\n                  <div class=\"w:50%@sm mr:30px@sm\">\n            <img decoding=\"async\" class=\"w:100% va:middle bdrs:15px\" src=\"https:\/\/degertauto.com\/wp-content\/uploads\/2023\/09\/Dyqani-Elbasan.jpg\" alt=\"\">\n          <\/div>\n        \n        <div class=\"wil-timeline__content w:50%@sm ml:30px@sm\">\n                      <div class=\"wil-timeline__time fz:pfs(40px,80px) timeTypo c:#eee lts:1px fw:700!\" style=\"\">\n              <span>2021<\/span>\n            <\/div>\n                    <div class=\"pos:absolute z:9 t:50% r:-44px@+md l:50%@md trf:translate(-50%,-50%)_rotate(45deg) w:16px h:16px bgc:#fff c:#eee bd:2px_solid_currentcolor\" style=\"\"><\/div>\n                      <h2 class=\"wil-timeline__title titleTypo m:0 fz:pfs(22px,26px) lts:1px fw:600!\" style=\"\">Unser Store in Elbasan<\/h2>\n                                <div class=\"wil-timeline__text textTypo mt:10px op:0.8 fz:15px c:#444\" style=\"\">Unser neuer Gesch\u00e4ftsladen zur Erweiterung unseres Netzwerks...<\/div>\n                            <\/div>\n      <\/div>\n      <div class=\"pos:absolute t:0 r:12px r:50%@sm w:2px h:100% mr:-1px bgc:#eee bdrs:2px\" style=\"\"><\/div>\n    <\/div>\n                                  <div class=\"wil-timeline pos:relative ov:hidden maw:860px m:auto d:flex c:#000 lh:1.5 jc:flex-end@sm\">\n      <div class=\"wil-timeline__inner m:20px_0 mr:40px@+sm d:flex@sm ai:center pos:relative flf:row-reverse\">\n\n                  <div class=\"w:50%@sm ml:30px@sm\">\n            <img decoding=\"async\" class=\"w:100% va:middle bdrs:15px\" src=\"https:\/\/degertauto.com\/wp-content\/uploads\/2023\/09\/Dyqani-M4-Kamez.jpg\" alt=\"\">\n          <\/div>\n        \n        <div class=\"wil-timeline__content w:50%@sm mr:30px@sm ta:right@sm\">\n                      <div class=\"wil-timeline__time fz:pfs(40px,80px) timeTypo c:#eee lts:1px fw:700!\" style=\"\">\n              <span>2020<\/span>\n            <\/div>\n                    <div class=\"pos:absolute z:9 t:50% r:-44px@+md l:50%@md trf:translate(-50%,-50%)_rotate(45deg) w:16px h:16px bgc:#fff c:#eee bd:2px_solid_currentcolor\" style=\"\"><\/div>\n                      <h2 class=\"wil-timeline__title titleTypo m:0 fz:pfs(22px,26px) lts:1px fw:600!\" style=\"\">Unser Store in  Kam\u00ebz<\/h2>\n                                <div class=\"wil-timeline__text textTypo mt:10px op:0.8 fz:15px c:#444\" style=\"\">Unser neuer Gesch\u00e4ftsladen zur Erweiterung unseres Netzwerks...<\/div>\n                            <\/div>\n      <\/div>\n      <div class=\"pos:absolute t:0 r:12px r:50%@sm w:2px h:100% mr:-1px bgc:#eee bdrs:2px\" style=\"\"><\/div>\n    <\/div>\n                                  <div class=\"wil-timeline pos:relative ov:hidden maw:860px m:auto d:flex c:#000 lh:1.5 \">\n      <div class=\"wil-timeline__inner m:20px_0 mr:40px@+sm d:flex@sm ai:center pos:relative \">\n\n                  <div class=\"w:50%@sm mr:30px@sm\">\n            <img decoding=\"async\" class=\"w:100% va:middle bdrs:15px\" src=\"https:\/\/degertauto.com\/wp-content\/uploads\/2023\/09\/Dyqani-freskut.jpg\" alt=\"\">\n          <\/div>\n        \n        <div class=\"wil-timeline__content w:50%@sm ml:30px@sm\">\n                      <div class=\"wil-timeline__time fz:pfs(40px,80px) timeTypo c:#eee lts:1px fw:700!\" style=\"\">\n              <span>2019<\/span>\n            <\/div>\n                    <div class=\"pos:absolute z:9 t:50% r:-44px@+md l:50%@md trf:translate(-50%,-50%)_rotate(45deg) w:16px h:16px bgc:#fff c:#eee bd:2px_solid_currentcolor\" style=\"\"><\/div>\n                      <h2 class=\"wil-timeline__title titleTypo m:0 fz:pfs(22px,26px) lts:1px fw:600!\" style=\"\">Unser Store in  Fresk<\/h2>\n                                <div class=\"wil-timeline__text textTypo mt:10px op:0.8 fz:15px c:#444\" style=\"\">Unser neuer Gesch\u00e4ftsladen zur Erweiterung unseres Netzwerks...<\/div>\n                            <\/div>\n      <\/div>\n      <div class=\"pos:absolute t:0 r:12px r:50%@sm w:2px h:100% mr:-1px bgc:#eee bdrs:2px\" style=\"\"><\/div>\n    <\/div>\n                                  <div class=\"wil-timeline pos:relative ov:hidden maw:860px m:auto d:flex c:#000 lh:1.5 jc:flex-end@sm\">\n      <div class=\"wil-timeline__inner m:20px_0 mr:40px@+sm d:flex@sm ai:center pos:relative flf:row-reverse\">\n\n                  <div class=\"w:50%@sm ml:30px@sm\">\n            <img decoding=\"async\" class=\"w:100% va:middle bdrs:15px\" src=\"https:\/\/degertauto.com\/wp-content\/uploads\/2023\/09\/Dyqani-Vore.jpg\" alt=\"\">\n          <\/div>\n        \n        <div class=\"wil-timeline__content w:50%@sm mr:30px@sm ta:right@sm\">\n                      <div class=\"wil-timeline__time fz:pfs(40px,80px) timeTypo c:#eee lts:1px fw:700!\" style=\"\">\n              <span>2019<\/span>\n            <\/div>\n                    <div class=\"pos:absolute z:9 t:50% r:-44px@+md l:50%@md trf:translate(-50%,-50%)_rotate(45deg) w:16px h:16px bgc:#fff c:#eee bd:2px_solid_currentcolor\" style=\"\"><\/div>\n                      <h2 class=\"wil-timeline__title titleTypo m:0 fz:pfs(22px,26px) lts:1px fw:600!\" style=\"\">Unser Store in Vor\u00eb<\/h2>\n                                <div class=\"wil-timeline__text textTypo mt:10px op:0.8 fz:15px c:#444\" style=\"\">Unser neuer Gesch\u00e4ftsladen zur Erweiterung unseres Netzwerks...<\/div>\n                            <\/div>\n      <\/div>\n      <div class=\"pos:absolute t:0 r:12px r:50%@sm w:2px h:100% mr:-1px bgc:#eee bdrs:2px\" style=\"\"><\/div>\n    <\/div>\n                                  <div class=\"wil-timeline pos:relative ov:hidden maw:860px m:auto d:flex c:#000 lh:1.5 \">\n      <div class=\"wil-timeline__inner m:20px_0 mr:40px@+sm d:flex@sm ai:center pos:relative \">\n\n                  <div class=\"w:50%@sm mr:30px@sm\">\n            <img decoding=\"async\" class=\"w:100% va:middle bdrs:15px\" src=\"https:\/\/degertauto.com\/wp-content\/uploads\/2023\/09\/Dyqani-Korce.jpg\" alt=\"\">\n          <\/div>\n        \n        <div class=\"wil-timeline__content w:50%@sm ml:30px@sm\">\n                      <div class=\"wil-timeline__time fz:pfs(40px,80px) timeTypo c:#eee lts:1px fw:700!\" style=\"\">\n              <span>2019<\/span>\n            <\/div>\n                    <div class=\"pos:absolute z:9 t:50% r:-44px@+md l:50%@md trf:translate(-50%,-50%)_rotate(45deg) w:16px h:16px bgc:#fff c:#eee bd:2px_solid_currentcolor\" style=\"\"><\/div>\n                      <h2 class=\"wil-timeline__title titleTypo m:0 fz:pfs(22px,26px) lts:1px fw:600!\" style=\"\">Unser Store in  Kor\u00e7\u00eb<\/h2>\n                                <div class=\"wil-timeline__text textTypo mt:10px op:0.8 fz:15px c:#444\" style=\"\"> Unser neuer Gesch\u00e4ftsladen zur Erweiterung unseres Netzwerks...<\/div>\n                            <\/div>\n      <\/div>\n      <div class=\"pos:absolute t:0 r:12px r:50%@sm w:2px h:100% mr:-1px bgc:#eee bdrs:2px\" style=\"\"><\/div>\n    <\/div>\n                                  <div class=\"wil-timeline pos:relative ov:hidden maw:860px m:auto d:flex c:#000 lh:1.5 jc:flex-end@sm\">\n      <div class=\"wil-timeline__inner m:20px_0 mr:40px@+sm d:flex@sm ai:center pos:relative flf:row-reverse\">\n\n                  <div class=\"w:50%@sm ml:30px@sm\">\n            <img decoding=\"async\" class=\"w:100% va:middle bdrs:15px\" src=\"https:\/\/degertauto.com\/wp-content\/uploads\/2023\/09\/dyqani-kavaje.jpg\" alt=\"\">\n          <\/div>\n        \n        <div class=\"wil-timeline__content w:50%@sm mr:30px@sm ta:right@sm\">\n                      <div class=\"wil-timeline__time fz:pfs(40px,80px) timeTypo c:#eee lts:1px fw:700!\" style=\"\">\n              <span>2017<\/span>\n            <\/div>\n                    <div class=\"pos:absolute z:9 t:50% r:-44px@+md l:50%@md trf:translate(-50%,-50%)_rotate(45deg) w:16px h:16px bgc:#fff c:#eee bd:2px_solid_currentcolor\" style=\"\"><\/div>\n                      <h2 class=\"wil-timeline__title titleTypo m:0 fz:pfs(22px,26px) lts:1px fw:600!\" style=\"\">Unser Store in  Kavaj\u00eb<\/h2>\n                                <div class=\"wil-timeline__text textTypo mt:10px op:0.8 fz:15px c:#444\" style=\"\">Unser neuer Gesch\u00e4ftsladen zur Erweiterung unseres Netzwerks...<\/div>\n                            <\/div>\n      <\/div>\n      <div class=\"pos:absolute t:0 r:12px r:50%@sm w:2px h:100% mr:-1px bgc:#eee bdrs:2px\" style=\"\"><\/div>\n    <\/div>\n                                  <div class=\"wil-timeline pos:relative ov:hidden maw:860px m:auto d:flex c:#000 lh:1.5 \">\n      <div class=\"wil-timeline__inner m:20px_0 mr:40px@+sm d:flex@sm ai:center pos:relative \">\n\n                  <div class=\"w:50%@sm mr:30px@sm\">\n            <img decoding=\"async\" class=\"w:100% va:middle bdrs:15px\" src=\"https:\/\/degertauto.com\/wp-content\/uploads\/2023\/09\/DSC_0108.jpg\" alt=\"\">\n          <\/div>\n        \n        <div class=\"wil-timeline__content w:50%@sm ml:30px@sm\">\n                      <div class=\"wil-timeline__time fz:pfs(40px,80px) timeTypo c:#eee lts:1px fw:700!\" style=\"\">\n              <span>2017<\/span>\n            <\/div>\n                    <div class=\"pos:absolute z:9 t:50% r:-44px@+md l:50%@md trf:translate(-50%,-50%)_rotate(45deg) w:16px h:16px bgc:#fff c:#eee bd:2px_solid_currentcolor\" style=\"\"><\/div>\n                      <h2 class=\"wil-timeline__title titleTypo m:0 fz:pfs(22px,26px) lts:1px fw:600!\" style=\"\">Unser Store in Shkoder<\/h2>\n                                <div class=\"wil-timeline__text textTypo mt:10px op:0.8 fz:15px c:#444\" style=\"\">Das Jahr 2017 markiert einen weiteren Erfolg unseres Unternehmens. Und zwar mit der Er\u00f6ffnung einer weiteren Filiale in Folge, um nun die Bed\u00fcrfnisse der Kunden in der Stadt Shkodra und den umliegenden Gebieten zu erf\u00fcllen. Dies beweist, dass Degert Auto sha noch gr\u00f6\u00dfer werden wird, sogar qualitativer und noch erfolgreicher. Unser Ziel ist es, die Kapazit\u00e4ten zu erweitern, die Zahl der Mitarbeiter zu erh\u00f6hen und das Netzwerk \u00fcber alle Zentren des Landes und die Grenzen dar\u00fcber hinaus auszudehnen.<\/div>\n                            <\/div>\n      <\/div>\n      <div class=\"pos:absolute t:0 r:12px r:50%@sm w:2px h:100% mr:-1px bgc:#eee bdrs:2px\" style=\"\"><\/div>\n    <\/div>\n                                  <div class=\"wil-timeline pos:relative ov:hidden maw:860px m:auto d:flex c:#000 lh:1.5 jc:flex-end@sm\">\n      <div class=\"wil-timeline__inner m:20px_0 mr:40px@+sm d:flex@sm ai:center pos:relative flf:row-reverse\">\n\n                  <div class=\"w:50%@sm ml:30px@sm\">\n            <img decoding=\"async\" class=\"w:100% va:middle bdrs:15px\" src=\"https:\/\/degertauto.com\/wp-content\/uploads\/2023\/09\/dyqani-fier-1.jpg\" alt=\"\">\n          <\/div>\n        \n        <div class=\"wil-timeline__content w:50%@sm mr:30px@sm ta:right@sm\">\n                      <div class=\"wil-timeline__time fz:pfs(40px,80px) timeTypo c:#eee lts:1px fw:700!\" style=\"\">\n              <span>2016<\/span>\n            <\/div>\n                    <div class=\"pos:absolute z:9 t:50% r:-44px@+md l:50%@md trf:translate(-50%,-50%)_rotate(45deg) w:16px h:16px bgc:#fff c:#eee bd:2px_solid_currentcolor\" style=\"\"><\/div>\n                      <h2 class=\"wil-timeline__title titleTypo m:0 fz:pfs(22px,26px) lts:1px fw:600!\" style=\"\">Unser Store in Fier<\/h2>\n                                <div class=\"wil-timeline__text textTypo mt:10px op:0.8 fz:15px c:#444\" style=\"\">Mittlerweile ist die Firma Degert Auto sha gewachsen und hat sich zu einem modernen Unternehmen mit \u00fcber 50 qualifizierten Mitarbeitern entwickelt, die ihre Arbeit und Aufgaben in modernen R\u00e4umlichkeiten (\u00fcber 4000 Quadratmeter) erfolgreicher erledigen, ebenso wie im Verkauf von Autoteilen (jetzt mit \u00fcber 50.000 Artikeln). sowie in deren Lagerung unter modernsten Bedingungen. Der Kunde erh\u00e4lt Originalteile, Qualit\u00e4tsservice und die besten Preise auf dem Markt \u2013 und das alles bei professionellem Personal und erfolgreicher Unternehmensf\u00fchrung.<\/div>\n                            <\/div>\n      <\/div>\n      <div class=\"pos:absolute t:0 r:12px r:50%@sm w:2px h:100% mr:-1px bgc:#eee bdrs:2px\" style=\"\"><\/div>\n    <\/div>\n                                  <div class=\"wil-timeline pos:relative ov:hidden maw:860px m:auto d:flex c:#000 lh:1.5 \">\n      <div class=\"wil-timeline__inner m:20px_0 mr:40px@+sm d:flex@sm ai:center pos:relative \">\n\n                  <div class=\"w:50%@sm mr:30px@sm\">\n            <img decoding=\"async\" class=\"w:100% va:middle bdrs:15px\" src=\"https:\/\/degertauto.com\/wp-content\/uploads\/2023\/09\/dyqani-durres.jpg\" alt=\"\">\n          <\/div>\n        \n        <div class=\"wil-timeline__content w:50%@sm ml:30px@sm\">\n                      <div class=\"wil-timeline__time fz:pfs(40px,80px) timeTypo c:#eee lts:1px fw:700!\" style=\"\">\n              <span>2015<\/span>\n            <\/div>\n                    <div class=\"pos:absolute z:9 t:50% r:-44px@+md l:50%@md trf:translate(-50%,-50%)_rotate(45deg) w:16px h:16px bgc:#fff c:#eee bd:2px_solid_currentcolor\" style=\"\"><\/div>\n                      <h2 class=\"wil-timeline__title titleTypo m:0 fz:pfs(22px,26px) lts:1px fw:600!\" style=\"\">Unser Store in Durres<\/h2>\n                                <div class=\"wil-timeline__text textTypo mt:10px op:0.8 fz:15px c:#444\" style=\"\">In diesen Jahren zeichnete sich unser Unternehmen durch eine normale Entwicklung und Wachstum ohne Aufregung und dramatische Entwicklungen aus, was ein gutes und seltenes Beispiel f\u00fcr die R\u00e4ume und Umst\u00e4nde der Entstehung seines Wachstums im Laufe der Jahre darstellt. Die Er\u00f6ffnung des Gesch\u00e4fts im Die Stadt Durres ist der beste Beweis f\u00fcr diesen erwarteten Erfolg.<\/div>\n                            <\/div>\n      <\/div>\n      <div class=\"pos:absolute t:0 r:12px r:50%@sm w:2px h:100% mr:-1px bgc:#eee bdrs:2px\" style=\"\"><\/div>\n    <\/div>\n                                  <div class=\"wil-timeline pos:relative ov:hidden maw:860px m:auto d:flex c:#000 lh:1.5 jc:flex-end@sm\">\n      <div class=\"wil-timeline__inner m:20px_0 mr:40px@+sm d:flex@sm ai:center pos:relative flf:row-reverse\">\n\n                  <div class=\"w:50%@sm ml:30px@sm\">\n            <img decoding=\"async\" class=\"w:100% va:middle bdrs:15px\" src=\"https:\/\/degertauto.com\/wp-content\/uploads\/2023\/09\/historiku-foto-magazina.jpg\" alt=\"\">\n          <\/div>\n        \n        <div class=\"wil-timeline__content w:50%@sm mr:30px@sm ta:right@sm\">\n                      <div class=\"wil-timeline__time fz:pfs(40px,80px) timeTypo c:#eee lts:1px fw:700!\" style=\"\">\n              <span>2012<\/span>\n            <\/div>\n                    <div class=\"pos:absolute z:9 t:50% r:-44px@+md l:50%@md trf:translate(-50%,-50%)_rotate(45deg) w:16px h:16px bgc:#fff c:#eee bd:2px_solid_currentcolor\" style=\"\"><\/div>\n                      <h2 class=\"wil-timeline__title titleTypo m:0 fz:pfs(22px,26px) lts:1px fw:600!\" style=\"\">Zentrallager in Berxulle<\/h2>\n                                <div class=\"wil-timeline__text textTypo mt:10px op:0.8 fz:15px c:#444\" style=\"\">Der rasante Anstieg der Artikelanzahl, fast 30.000\u201340.000 Artikel, f\u00fchrt zu der Notwendigkeit, diese entsprechend den geforderten Standards auf gr\u00f6\u00dferem Raum zu lagern. So haben wir die Schaffung einer modernen und von der Gr\u00f6\u00dfe her gigantischen Lagerhalle realisiert.<\/div>\n                            <\/div>\n      <\/div>\n      <div class=\"pos:absolute t:0 r:12px r:50%@sm w:2px h:100% mr:-1px bgc:#eee bdrs:2px\" style=\"\"><\/div>\n    <\/div>\n                                  <div class=\"wil-timeline pos:relative ov:hidden maw:860px m:auto d:flex c:#000 lh:1.5 \">\n      <div class=\"wil-timeline__inner m:20px_0 mr:40px@+sm d:flex@sm ai:center pos:relative \">\n\n                  <div class=\"w:50%@sm mr:30px@sm\">\n            <img decoding=\"async\" class=\"w:100% va:middle bdrs:15px\" src=\"https:\/\/degertauto.com\/wp-content\/uploads\/2023\/09\/historiku-marka.jpg\" alt=\"\">\n          <\/div>\n        \n        <div class=\"wil-timeline__content w:50%@sm ml:30px@sm\">\n                    <div class=\"pos:absolute z:9 t:50% r:-44px@+md l:50%@md trf:translate(-50%,-50%)_rotate(45deg) w:16px h:16px bgc:#fff c:#eee bd:2px_solid_currentcolor\" style=\"\"><\/div>\n                      <h2 class=\"wil-timeline__title titleTypo m:0 fz:pfs(22px,26px) lts:1px fw:600!\" style=\"\">2008 - 2010<\/h2>\n                                <div class=\"wil-timeline__text textTypo mt:10px op:0.8 fz:15px c:#444\" style=\"\">Dies sind die produktivsten Jahre des Unternehmens. Durch sukzessive Kooperationen mit den renommiertesten Unternehmen im Bereich Fahrzeugersatzteile besteht die M\u00f6glichkeit, Exklusivvertr\u00e4ge f\u00fcr Produkte abzuschlie\u00dfen, f\u00fcr die es einen Vertreter f\u00fcr Albanien, die Firma Degert Auto sha, gibt. Unter diesen prestigetr\u00e4chtigen Marken sind zu erw\u00e4hnen: Brembo Parts, Jurid, Mahle, Meletti, Nrf, Hutchinson, Elring, Sidem, Sampa, Pe Original, Depoautolamp, Alkar, Airtex.<\/div>\n                            <\/div>\n      <\/div>\n      <div class=\"pos:absolute t:0 r:12px r:50%@sm w:2px h:100% mr:-1px bgc:#eee bdrs:2px\" style=\"\"><\/div>\n    <\/div>\n                                  <div class=\"wil-timeline pos:relative ov:hidden maw:860px m:auto d:flex c:#000 lh:1.5 jc:flex-end@sm\">\n      <div class=\"wil-timeline__inner m:20px_0 mr:40px@+sm d:flex@sm ai:center pos:relative flf:row-reverse\">\n\n                  <div class=\"w:50%@sm ml:30px@sm\">\n            <img decoding=\"async\" class=\"w:100% va:middle bdrs:15px\" src=\"https:\/\/degertauto.com\/wp-content\/uploads\/2023\/09\/dyqani-lac.jpg\" alt=\"\">\n          <\/div>\n        \n        <div class=\"wil-timeline__content w:50%@sm mr:30px@sm ta:right@sm\">\n                      <div class=\"wil-timeline__time fz:pfs(40px,80px) timeTypo c:#eee lts:1px fw:700!\" style=\"\">\n              <span>2007<\/span>\n            <\/div>\n                    <div class=\"pos:absolute z:9 t:50% r:-44px@+md l:50%@md trf:translate(-50%,-50%)_rotate(45deg) w:16px h:16px bgc:#fff c:#eee bd:2px_solid_currentcolor\" style=\"\"><\/div>\n                      <h2 class=\"wil-timeline__title titleTypo m:0 fz:pfs(22px,26px) lts:1px fw:600!\" style=\"\">Unser Store iN La\u00e7<\/h2>\n                                <div class=\"wil-timeline__text textTypo mt:10px op:0.8 fz:15px c:#444\" style=\"\">Dieses Jahr stellt einen weiteren Erfolg f\u00fcr das Unternehmen dar. Es ist das Jahr, in dem es uns gelingt, unser erstes Gesch\u00e4ft in der Stadt Laci umzugestalten, wo alles am sch\u00f6nsten und begehrtesten Reiseziel der Region beginnt. Wir haben ein modernes Geb\u00e4ude in Bezug auf Infrastruktur, Beleuchtung und Komfort realisiert. Die Lagerung von Tausenden von Produkten wird nun unter modernsten Bedingungen realisiert.<\/div>\n                            <\/div>\n      <\/div>\n      <div class=\"pos:absolute t:0 r:12px r:50%@sm w:2px h:100% mr:-1px bgc:#eee bdrs:2px\" style=\"\"><\/div>\n    <\/div>\n                                  <div class=\"wil-timeline pos:relative ov:hidden maw:860px m:auto d:flex c:#000 lh:1.5 \">\n      <div class=\"wil-timeline__inner m:20px_0 mr:40px@+sm d:flex@sm ai:center pos:relative \">\n\n                  <div class=\"w:50%@sm mr:30px@sm\">\n            <img decoding=\"async\" class=\"w:100% va:middle bdrs:15px\" src=\"https:\/\/degertauto.com\/wp-content\/uploads\/2023\/09\/historiku-PROFI-CAR.jpg\" alt=\"\">\n          <\/div>\n        \n        <div class=\"wil-timeline__content w:50%@sm ml:30px@sm\">\n                      <div class=\"wil-timeline__time fz:pfs(40px,80px) timeTypo c:#eee lts:1px fw:700!\" style=\"\">\n              <span>2005<\/span>\n            <\/div>\n                    <div class=\"pos:absolute z:9 t:50% r:-44px@+md l:50%@md trf:translate(-50%,-50%)_rotate(45deg) w:16px h:16px bgc:#fff c:#eee bd:2px_solid_currentcolor\" style=\"\"><\/div>\n                      <h2 class=\"wil-timeline__title titleTypo m:0 fz:pfs(22px,26px) lts:1px fw:600!\" style=\"\">Profi-Car<\/h2>\n                                <div class=\"wil-timeline__text textTypo mt:10px op:0.8 fz:15px c:#444\" style=\"\">Der Gro\u00dfteil unserer Waren wird von den bedeutendsten deutschen Unternehmen im Bereich Autoersatzteile hergestellt, von denen viele seit Jahrzehnten f\u00fchrend in diesem Gesch\u00e4ft sind und ihre Produkte weltweit vertreiben. Eines dieser erfolgreichen Unternehmen ist Profi-Car, das zum ersten Mal von unserem Unternehmen nach Albanien kommt, mit einer breiten Palette von Produkten wie Motor\u00f6l, LKW und Differential f\u00fcr PKW und LKW, Additive, Autopflegeprodukte, Frostschutzmittel, Windschutzscheibenwasser und viele andere Produkte.<\/div>\n                            <\/div>\n      <\/div>\n      <div class=\"pos:absolute t:0 r:12px r:50%@sm w:2px h:100% mr:-1px bgc:#eee bdrs:2px\" style=\"\"><\/div>\n    <\/div>\n                                  <div class=\"wil-timeline pos:relative ov:hidden maw:860px m:auto d:flex c:#000 lh:1.5 jc:flex-end@sm\">\n      <div class=\"wil-timeline__inner m:20px_0 mr:40px@+sm d:flex@sm ai:center pos:relative flf:row-reverse\">\n\n                  <div class=\"w:50%@sm ml:30px@sm\">\n            <img decoding=\"async\" class=\"w:100% va:middle bdrs:15px\" src=\"https:\/\/degertauto.com\/wp-content\/uploads\/2023\/09\/dyqani-tirane.jpg\" alt=\"\">\n          <\/div>\n        \n        <div class=\"wil-timeline__content w:50%@sm mr:30px@sm ta:right@sm\">\n                      <div class=\"wil-timeline__time fz:pfs(40px,80px) timeTypo c:#eee lts:1px fw:700!\" style=\"\">\n              <span>2002<\/span>\n            <\/div>\n                    <div class=\"pos:absolute z:9 t:50% r:-44px@+md l:50%@md trf:translate(-50%,-50%)_rotate(45deg) w:16px h:16px bgc:#fff c:#eee bd:2px_solid_currentcolor\" style=\"\"><\/div>\n                      <h2 class=\"wil-timeline__title titleTypo m:0 fz:pfs(22px,26px) lts:1px fw:600!\" style=\"\">Unser Store in Tiran\u00eb<\/h2>\n                                <div class=\"wil-timeline__text textTypo mt:10px op:0.8 fz:15px c:#444\" style=\"\">\n\u200bLook up details\n325 \/ 5,000\nTranslation results\nTranslation result\nObwohl mit einem sehr bescheidenen Anfangskapital, der Kombination aus professioneller Arbeit der Mitarbeiter, mit der Qualit\u00e4t und langj\u00e4hrigen Erfahrung unserer deutschen und europ\u00e4ischen Lieferanten, gelingt es uns, die Er\u00f6ffnung unseres zweiten Stores mit einer Adresse im Gintash Block abzuschlie\u00dfen in der Hauptstadt und dies um nah an den Kundenw\u00fcnschen zu sein.<\/div>\n                            <\/div>\n      <\/div>\n      <div class=\"pos:absolute t:0 r:12px r:50%@sm w:2px h:100% mr:-1px bgc:#eee bdrs:2px\" style=\"\"><\/div>\n    <\/div>\n                                  <div class=\"wil-timeline pos:relative ov:hidden maw:860px m:auto d:flex c:#000 lh:1.5 \">\n      <div class=\"wil-timeline__inner m:20px_0 mr:40px@+sm d:flex@sm ai:center pos:relative \">\n\n                  <div class=\"w:50%@sm mr:30px@sm\">\n            <img decoding=\"async\" class=\"w:100% va:middle bdrs:15px\" src=\"https:\/\/degertauto.com\/wp-content\/uploads\/2023\/09\/historiku-foto-dyqani-lac.jpg\" alt=\"\">\n          <\/div>\n        \n        <div class=\"wil-timeline__content w:50%@sm ml:30px@sm\">\n                      <div class=\"wil-timeline__time fz:pfs(40px,80px) timeTypo c:#eee lts:1px fw:700!\" style=\"\">\n              <span>1994<\/span>\n            <\/div>\n                    <div class=\"pos:absolute z:9 t:50% r:-44px@+md l:50%@md trf:translate(-50%,-50%)_rotate(45deg) w:16px h:16px bgc:#fff c:#eee bd:2px_solid_currentcolor\" style=\"\"><\/div>\n                      <h2 class=\"wil-timeline__title titleTypo m:0 fz:pfs(22px,26px) lts:1px fw:600!\" style=\"\">Ausgangspunkt - Store in La\u00e7<\/h2>\n                                <div class=\"wil-timeline__text textTypo mt:10px op:0.8 fz:15px c:#444\" style=\"\">Degert Auto begann seine Reise im Januar dieses Jahres mit seinem Epizentrum in der Stadt Laci als Unternehmen mit der Hauptt\u00e4tigkeit im Handel mit Ersatzteilen f\u00fcr Pkw und Lkw. Mit etwa 4 Mitarbeitern und sehr geringen finanziellen Mitteln, aber mit Willen und Wunsch nach Arbeit und Erfolg und eine klare Vision vom Gr\u00fcnder Luan Turja.<\/div>\n                            <\/div>\n      <\/div>\n      <div class=\"pos:absolute t:0 r:12px r:50%@sm w:2px h:100% mr:-1px bgc:#eee bdrs:2px\" style=\"\"><\/div>\n    <\/div>\n  <\/div>\n\n\t\t<\/div>\n\t\t\t\t<\/div>\n\t\t\t\t\t<\/div>\n\t\t\t\t<\/div>\n\t\t\t\t\t\t\t<\/div>\n\t\t","protected":false},"excerpt":{"rendered":"<p>Zur\u00fcck UNTERNEHMENSGESCHICHTE 30 JAHRE BEI IHNEN \u201cDegert Auto AG\u201e hatte seine bescheidenen Anf\u00e4nge im Jahr 1994, eine T\u00e4tigkeit, die im Laufe der Zeit konsolidiert und verbessert wurde und heute als einer der ernsthaftesten und wohlwollendsten Partner f\u00fcr eine gro\u00dfe Anzahl von Unternehmen in Albanien gilt. Der Gr\u00fcnder von \u201cDegert Auto AG\u201e verfolgte von Anfang an [&hellip;]<\/p>\n","protected":false},"author":1,"featured_media":0,"parent":0,"menu_order":0,"comment_status":"closed","ping_status":"closed","template":"elementor_header_footer","meta":{"footnotes":""},"class_list":["post-6318","page","type-page","status-publish","hentry"],"acf":[],"_links":{"self":[{"href":"https:\/\/degertauto.com\/de\/wp-json\/wp\/v2\/pages\/6318","targetHints":{"allow":["GET"]}}],"collection":[{"href":"https:\/\/degertauto.com\/de\/wp-json\/wp\/v2\/pages"}],"about":[{"href":"https:\/\/degertauto.com\/de\/wp-json\/wp\/v2\/types\/page"}],"author":[{"embeddable":true,"href":"https:\/\/degertauto.com\/de\/wp-json\/wp\/v2\/users\/1"}],"replies":[{"embeddable":true,"href":"https:\/\/degertauto.com\/de\/wp-json\/wp\/v2\/comments?post=6318"}],"version-history":[{"count":25,"href":"https:\/\/degertauto.com\/de\/wp-json\/wp\/v2\/pages\/6318\/revisions"}],"predecessor-version":[{"id":9400,"href":"https:\/\/degertauto.com\/de\/wp-json\/wp\/v2\/pages\/6318\/revisions\/9400"}],"wp:attachment":[{"href":"https:\/\/degertauto.com\/de\/wp-json\/wp\/v2\/media?parent=6318"}],"curies":[{"name":"wp","href":"https:\/\/api.w.org\/{rel}","templated":true}]}}