{"id":7146,"date":"2023-09-01T10:42:02","date_gmt":"2023-09-01T10:42:02","guid":{"rendered":"https:\/\/degertauto.web-devtesting.xyz\/evente\/"},"modified":"2023-12-13T09:50:17","modified_gmt":"2023-12-13T09:50:17","slug":"evenements","status":"publish","type":"page","link":"https:\/\/degertauto.com\/fr\/evenements\/","title":{"rendered":"\u00c9v\u00e9nements"},"content":{"rendered":"\t\t<div data-elementor-type=\"wp-page\" data-elementor-id=\"7146\" class=\"elementor elementor-7146 elementor-1336\">\n\t\t\t\t\t\t\t<div class=\"elementor-element elementor-element-e078ce7 e-flex e-con-boxed e-con\" data-id=\"e078ce7\" data-element_type=\"container\" data-settings=\"{&quot;background_background&quot;:&quot;classic&quot;,&quot;content_width&quot;:&quot;boxed&quot;}\">\n\t\t\t\t\t<div class=\"e-con-inner\">\n\t\t\t\t\t<\/div>\n\t\t\t\t<\/div>\n\t\t<div class=\"elementor-element elementor-element-651ed19 e-flex e-con-boxed e-con\" data-id=\"651ed19\" data-element_type=\"container\" data-settings=\"{&quot;background_background&quot;:&quot;classic&quot;,&quot;content_width&quot;:&quot;boxed&quot;}\">\n\t\t\t\t\t<div class=\"e-con-inner\">\n\t\t<div class=\"elementor-element elementor-element-b84fb41 e-con-full e-flex e-con\" data-id=\"b84fb41\" data-element_type=\"container\" data-settings=\"{&quot;content_width&quot;:&quot;full&quot;}\">\n\t\t<div class=\"elementor-element elementor-element-4765de1 e-con-full box-event-degert e-flex e-con\" data-id=\"4765de1\" data-element_type=\"container\" data-settings=\"{&quot;content_width&quot;:&quot;full&quot;}\">\n\t\t\t\t<div class=\"elementor-element elementor-element-2ee6b01 elementor-widget elementor-widget-heading\" data-id=\"2ee6b01\" data-element_type=\"widget\" data-widget_type=\"heading.default\">\n\t\t\t\t<div class=\"elementor-widget-container\">\n\t\t\t<style>\/*! elementor - v3.15.0 - 09-08-2023 *\/\n.elementor-heading-title{padding:0;margin:0;line-height:1}.elementor-widget-heading .elementor-heading-title[class*=elementor-size-]>a{color:inherit;font-size:inherit;line-height:inherit}.elementor-widget-heading .elementor-heading-title.elementor-size-small{font-size:15px}.elementor-widget-heading .elementor-heading-title.elementor-size-medium{font-size:19px}.elementor-widget-heading .elementor-heading-title.elementor-size-large{font-size:29px}.elementor-widget-heading .elementor-heading-title.elementor-size-xl{font-size:39px}.elementor-widget-heading .elementor-heading-title.elementor-size-xxl{font-size:59px}<\/style><h2 class=\"elementor-heading-title elementor-size-default\">\u00c9v\u00e9nements du personnel<\/h2>\t\t<\/div>\n\t\t\t\t<\/div>\n\t\t<div class=\"elementor-element elementor-element-8b2dc4b box-event-degert-inner e-flex e-con-boxed e-con\" data-id=\"8b2dc4b\" data-element_type=\"container\" data-settings=\"{&quot;background_background&quot;:&quot;classic&quot;,&quot;content_width&quot;:&quot;boxed&quot;}\">\n\t\t\t\t\t<div class=\"e-con-inner\">\n\t\t\t\t<div class=\"elementor-element elementor-element-c3caa7a image-cat-event elementor-widget elementor-widget-image\" data-id=\"c3caa7a\" data-element_type=\"widget\" data-widget_type=\"image.default\">\n\t\t\t\t<div class=\"elementor-widget-container\">\n\t\t\t<style>\/*! elementor - v3.15.0 - 09-08-2023 *\/\n.elementor-widget-image{text-align:center}.elementor-widget-image a{display:inline-block}.elementor-widget-image a img[src$=\".svg\"]{width:48px}.elementor-widget-image img{vertical-align:middle;display:inline-block}<\/style>\t\t\t\t\t\t\t\t\t\t\t\t\t<a href=\"\/fr\/category\/evenements-du-personnel\/\">\n\t\t\t\t\t\t\t<img loading=\"lazy\" decoding=\"async\" width=\"1020\" height=\"766\" src=\"https:\/\/degertauto.com\/wp-content\/uploads\/2023\/10\/staff-events.png\" class=\"attachment-full size-full wp-image-5515\" alt=\"\" srcset=\"https:\/\/degertauto.com\/wp-content\/uploads\/2023\/10\/staff-events.png 1020w, https:\/\/degertauto.com\/wp-content\/uploads\/2023\/10\/staff-events-300x225.png 300w, https:\/\/degertauto.com\/wp-content\/uploads\/2023\/10\/staff-events-768x577.png 768w\" sizes=\"auto, (max-width: 1020px) 100vw, 1020px\" \/>\t\t\t\t\t\t\t\t<\/a>\n\t\t\t\t\t\t\t\t\t\t\t\t\t\t\t<\/div>\n\t\t\t\t<\/div>\n\t\t\t\t<div class=\"elementor-element elementor-element-0f3343b elementor-align-center elementor-widget elementor-widget-button\" data-id=\"0f3343b\" data-element_type=\"widget\" data-widget_type=\"button.default\">\n\t\t\t\t<div class=\"elementor-widget-container\">\n\t\t\t\t\t<div class=\"elementor-button-wrapper\">\n\t\t\t<a class=\"elementor-button elementor-button-link elementor-size-sm\" href=\"\/fr\/category\/evenements-du-personnel\/\">\n\t\t\t\t\t\t<span class=\"elementor-button-content-wrapper\">\n\t\t\t\t\t\t<span class=\"elementor-button-icon elementor-align-icon-right\">\n\t\t\t\t<i aria-hidden=\"true\" class=\"fas fa-angle-right\"><\/i>\t\t\t<\/span>\n\t\t\t\t\t\t<span class=\"elementor-button-text\">Voir Plus<\/span>\n\t\t<\/span>\n\t\t\t\t\t<\/a>\n\t\t<\/div>\n\t\t\t\t<\/div>\n\t\t\t\t<\/div>\n\t\t\t\t\t<\/div>\n\t\t\t\t<\/div>\n\t\t\t\t<\/div>\n\t\t<div class=\"elementor-element elementor-element-19f0aa2 e-con-full box-event-degert e-flex e-con\" data-id=\"19f0aa2\" data-element_type=\"container\" data-settings=\"{&quot;content_width&quot;:&quot;full&quot;}\">\n\t\t\t\t<div class=\"elementor-element elementor-element-11b8694 elementor-widget elementor-widget-heading\" data-id=\"11b8694\" data-element_type=\"widget\" data-widget_type=\"heading.default\">\n\t\t\t\t<div class=\"elementor-widget-container\">\n\t\t\t<h2 class=\"elementor-heading-title elementor-size-default\">INAUGURATIONS<\/h2>\t\t<\/div>\n\t\t\t\t<\/div>\n\t\t<div class=\"elementor-element elementor-element-7cef56e box-event-degert-inner e-flex e-con-boxed e-con\" data-id=\"7cef56e\" data-element_type=\"container\" data-settings=\"{&quot;background_background&quot;:&quot;classic&quot;,&quot;content_width&quot;:&quot;boxed&quot;}\">\n\t\t\t\t\t<div class=\"e-con-inner\">\n\t\t\t\t<div class=\"elementor-element elementor-element-2d963a8 image-cat-event elementor-widget elementor-widget-image\" data-id=\"2d963a8\" data-element_type=\"widget\" data-widget_type=\"image.default\">\n\t\t\t\t<div class=\"elementor-widget-container\">\n\t\t\t\t\t\t\t\t\t\t\t\t\t\t\t\t<a href=\"\/fr\/category\/inaugurations-fr\/\">\n\t\t\t\t\t\t\t<img loading=\"lazy\" decoding=\"async\" width=\"1000\" height=\"667\" src=\"https:\/\/degertauto.com\/wp-content\/uploads\/2023\/09\/kush-jemi1.jpg\" class=\"attachment-full size-full wp-image-4479\" alt=\"\" srcset=\"https:\/\/degertauto.com\/wp-content\/uploads\/2023\/09\/kush-jemi1.jpg 1000w, https:\/\/degertauto.com\/wp-content\/uploads\/2023\/09\/kush-jemi1-300x200.jpg 300w, https:\/\/degertauto.com\/wp-content\/uploads\/2023\/09\/kush-jemi1-768x512.jpg 768w\" sizes=\"auto, (max-width: 1000px) 100vw, 1000px\" \/>\t\t\t\t\t\t\t\t<\/a>\n\t\t\t\t\t\t\t\t\t\t\t\t\t\t\t<\/div>\n\t\t\t\t<\/div>\n\t\t\t\t<div class=\"elementor-element elementor-element-6aaa967 elementor-align-center elementor-widget elementor-widget-button\" data-id=\"6aaa967\" data-element_type=\"widget\" data-widget_type=\"button.default\">\n\t\t\t\t<div class=\"elementor-widget-container\">\n\t\t\t\t\t<div class=\"elementor-button-wrapper\">\n\t\t\t<a class=\"elementor-button elementor-button-link elementor-size-sm\" href=\"\/fr\/category\/inaugurations-fr\/\">\n\t\t\t\t\t\t<span class=\"elementor-button-content-wrapper\">\n\t\t\t\t\t\t<span class=\"elementor-button-icon elementor-align-icon-right\">\n\t\t\t\t<i aria-hidden=\"true\" class=\"fas fa-angle-right\"><\/i>\t\t\t<\/span>\n\t\t\t\t\t\t<span class=\"elementor-button-text\">Voir Plus<\/span>\n\t\t<\/span>\n\t\t\t\t\t<\/a>\n\t\t<\/div>\n\t\t\t\t<\/div>\n\t\t\t\t<\/div>\n\t\t\t\t\t<\/div>\n\t\t\t\t<\/div>\n\t\t\t\t<\/div>\n\t\t<div class=\"elementor-element elementor-element-6bf0878 e-con-full box-event-degert e-flex e-con\" data-id=\"6bf0878\" data-element_type=\"container\" data-settings=\"{&quot;content_width&quot;:&quot;full&quot;}\">\n\t\t\t\t<div class=\"elementor-element elementor-element-7fb8440 elementor-widget elementor-widget-heading\" data-id=\"7fb8440\" data-element_type=\"widget\" data-widget_type=\"heading.default\">\n\t\t\t\t<div class=\"elementor-widget-container\">\n\t\t\t<h2 class=\"elementor-heading-title elementor-size-default\">PARTICIPATION \u00c0 DES FOIRES<\/h2>\t\t<\/div>\n\t\t\t\t<\/div>\n\t\t<div class=\"elementor-element elementor-element-fa4fa5d box-event-degert-inner e-flex e-con-boxed e-con\" data-id=\"fa4fa5d\" data-element_type=\"container\" data-settings=\"{&quot;background_background&quot;:&quot;classic&quot;,&quot;content_width&quot;:&quot;boxed&quot;}\">\n\t\t\t\t\t<div class=\"e-con-inner\">\n\t\t\t\t<div class=\"elementor-element elementor-element-5dfc45b image-cat-event elementor-widget elementor-widget-image\" data-id=\"5dfc45b\" data-element_type=\"widget\" data-widget_type=\"image.default\">\n\t\t\t\t<div class=\"elementor-widget-container\">\n\t\t\t\t\t\t\t\t\t\t\t\t\t\t\t\t<a href=\"\/fr\/category\/participation-a-des-foires\/\">\n\t\t\t\t\t\t\t<img loading=\"lazy\" decoding=\"async\" width=\"1280\" height=\"853\" src=\"https:\/\/degertauto.com\/wp-content\/uploads\/2023\/08\/GDGW6872.jpg\" class=\"attachment-full size-full wp-image-4531\" alt=\"\" srcset=\"https:\/\/degertauto.com\/wp-content\/uploads\/2023\/08\/GDGW6872.jpg 1280w, https:\/\/degertauto.com\/wp-content\/uploads\/2023\/08\/GDGW6872-300x200.jpg 300w, https:\/\/degertauto.com\/wp-content\/uploads\/2023\/08\/GDGW6872-1024x682.jpg 1024w, https:\/\/degertauto.com\/wp-content\/uploads\/2023\/08\/GDGW6872-768x512.jpg 768w\" sizes=\"auto, (max-width: 1280px) 100vw, 1280px\" \/>\t\t\t\t\t\t\t\t<\/a>\n\t\t\t\t\t\t\t\t\t\t\t\t\t\t\t<\/div>\n\t\t\t\t<\/div>\n\t\t\t\t<div class=\"elementor-element elementor-element-196b597 elementor-align-center elementor-widget elementor-widget-button\" data-id=\"196b597\" data-element_type=\"widget\" data-widget_type=\"button.default\">\n\t\t\t\t<div class=\"elementor-widget-container\">\n\t\t\t\t\t<div class=\"elementor-button-wrapper\">\n\t\t\t<a class=\"elementor-button elementor-button-link elementor-size-sm\" href=\"\/fr\/category\/participation-a-des-foires\/\">\n\t\t\t\t\t\t<span class=\"elementor-button-content-wrapper\">\n\t\t\t\t\t\t<span class=\"elementor-button-icon elementor-align-icon-right\">\n\t\t\t\t<i aria-hidden=\"true\" class=\"fas fa-angle-right\"><\/i>\t\t\t<\/span>\n\t\t\t\t\t\t<span class=\"elementor-button-text\">Voir Plus<\/span>\n\t\t<\/span>\n\t\t\t\t\t<\/a>\n\t\t<\/div>\n\t\t\t\t<\/div>\n\t\t\t\t<\/div>\n\t\t\t\t\t<\/div>\n\t\t\t\t<\/div>\n\t\t\t\t<\/div>\n\t\t<div class=\"elementor-element elementor-element-c335138 e-con-full box-event-degert e-flex e-con\" data-id=\"c335138\" data-element_type=\"container\" data-settings=\"{&quot;content_width&quot;:&quot;full&quot;}\">\n\t\t\t\t<div class=\"elementor-element elementor-element-2afa778 elementor-widget elementor-widget-heading\" data-id=\"2afa778\" data-element_type=\"widget\" data-widget_type=\"heading.default\">\n\t\t\t\t<div class=\"elementor-widget-container\">\n\t\t\t<h2 class=\"elementor-heading-title elementor-size-default\">S\u00c9MINAIRES et FORMATIONS<\/h2>\t\t<\/div>\n\t\t\t\t<\/div>\n\t\t<div class=\"elementor-element elementor-element-06c99dd box-event-degert-inner e-flex e-con-boxed e-con\" data-id=\"06c99dd\" data-element_type=\"container\" data-settings=\"{&quot;background_background&quot;:&quot;classic&quot;,&quot;content_width&quot;:&quot;boxed&quot;}\">\n\t\t\t\t\t<div class=\"e-con-inner\">\n\t\t\t\t<div class=\"elementor-element elementor-element-3f50de2 image-cat-event elementor-widget elementor-widget-image\" data-id=\"3f50de2\" data-element_type=\"widget\" data-widget_type=\"image.default\">\n\t\t\t\t<div class=\"elementor-widget-container\">\n\t\t\t\t\t\t\t\t\t\t\t\t\t\t\t\t<a href=\"\/fr\/category\/seminaires-et-formations\/\">\n\t\t\t\t\t\t\t<img loading=\"lazy\" decoding=\"async\" width=\"1020\" height=\"765\" src=\"https:\/\/degertauto.com\/wp-content\/uploads\/2023\/12\/Picture1.jpg\" class=\"attachment-full size-full wp-image-8346\" alt=\"\" srcset=\"https:\/\/degertauto.com\/wp-content\/uploads\/2023\/12\/Picture1.jpg 1020w, https:\/\/degertauto.com\/wp-content\/uploads\/2023\/12\/Picture1-300x225.jpg 300w, https:\/\/degertauto.com\/wp-content\/uploads\/2023\/12\/Picture1-768x576.jpg 768w\" sizes=\"auto, (max-width: 1020px) 100vw, 1020px\" \/>\t\t\t\t\t\t\t\t<\/a>\n\t\t\t\t\t\t\t\t\t\t\t\t\t\t\t<\/div>\n\t\t\t\t<\/div>\n\t\t\t\t<div class=\"elementor-element elementor-element-9d96e54 elementor-align-center elementor-widget elementor-widget-button\" data-id=\"9d96e54\" data-element_type=\"widget\" data-widget_type=\"button.default\">\n\t\t\t\t<div class=\"elementor-widget-container\">\n\t\t\t\t\t<div class=\"elementor-button-wrapper\">\n\t\t\t<a class=\"elementor-button elementor-button-link elementor-size-sm\" href=\"\/fr\/category\/seminaires-et-formations\/\">\n\t\t\t\t\t\t<span class=\"elementor-button-content-wrapper\">\n\t\t\t\t\t\t<span class=\"elementor-button-icon elementor-align-icon-right\">\n\t\t\t\t<i aria-hidden=\"true\" class=\"fas fa-angle-right\"><\/i>\t\t\t<\/span>\n\t\t\t\t\t\t<span class=\"elementor-button-text\">Voir Plus<\/span>\n\t\t<\/span>\n\t\t\t\t\t<\/a>\n\t\t<\/div>\n\t\t\t\t<\/div>\n\t\t\t\t<\/div>\n\t\t\t\t\t<\/div>\n\t\t\t\t<\/div>\n\t\t\t\t<\/div>\n\t\t\t\t<\/div>\n\t\t\t\t\t<\/div>\n\t\t\t\t<\/div>\n\t\t<div class=\"elementor-element elementor-element-e5addd7 evente-degert e-flex e-con-boxed e-con\" data-id=\"e5addd7\" data-element_type=\"container\" data-settings=\"{&quot;content_width&quot;:&quot;boxed&quot;}\">\n\t\t\t\t\t<div class=\"e-con-inner\">\n\t\t<div class=\"elementor-element elementor-element-7c9089a e-con-full e-flex e-con\" data-id=\"7c9089a\" data-element_type=\"container\" data-settings=\"{&quot;content_width&quot;:&quot;full&quot;}\">\n\t\t\t\t<div class=\"elementor-element elementor-element-18fd6eb elementor-grid-tablet-1 elementor-grid-4 event-post elementor-grid-mobile-1 elementor-posts--thumbnail-top elementor-posts__hover-gradient load-more-align-center elementor-widget elementor-widget-posts\" data-id=\"18fd6eb\" data-element_type=\"widget\" data-settings=\"{&quot;cards_columns_tablet&quot;:&quot;1&quot;,&quot;cards_columns&quot;:&quot;4&quot;,&quot;pagination_type&quot;:&quot;load_more_on_click&quot;,&quot;cards_columns_mobile&quot;:&quot;1&quot;,&quot;cards_row_gap&quot;:{&quot;unit&quot;:&quot;px&quot;,&quot;size&quot;:35,&quot;sizes&quot;:[]},&quot;cards_row_gap_tablet&quot;:{&quot;unit&quot;:&quot;px&quot;,&quot;size&quot;:&quot;&quot;,&quot;sizes&quot;:[]},&quot;cards_row_gap_mobile&quot;:{&quot;unit&quot;:&quot;px&quot;,&quot;size&quot;:&quot;&quot;,&quot;sizes&quot;:[]},&quot;load_more_spinner&quot;:{&quot;value&quot;:&quot;fas fa-spinner&quot;,&quot;library&quot;:&quot;fa-solid&quot;}}\" data-widget_type=\"posts.cards\">\n\t\t\t\t<div class=\"elementor-widget-container\">\n\t\t\t<link rel=\"stylesheet\" href=\"https:\/\/degertauto.com\/wp-content\/plugins\/elementor-pro\/assets\/css\/widget-posts.min.css\">\t\t<div class=\"elementor-posts-container elementor-posts elementor-posts--skin-cards elementor-grid\">\n\t\t\t\t<article class=\"elementor-post elementor-grid-item post-10476 post type-post status-publish format-standard has-post-thumbnail hentry category-participation-a-des-foires\">\n\t\t\t<div class=\"elementor-post__card\">\n\t\t\t\t<a class=\"elementor-post__thumbnail__link\" href=\"https:\/\/degertauto.com\/fr\/30-ans-de-degert-2024\/\" ><div class=\"elementor-post__thumbnail\"><img loading=\"lazy\" decoding=\"async\" width=\"2457\" height=\"1639\" src=\"https:\/\/degertauto.com\/wp-content\/uploads\/2026\/04\/untitled-30-of-222.webp\" class=\"attachment-full size-full wp-image-10471\" alt=\"\" srcset=\"https:\/\/degertauto.com\/wp-content\/uploads\/2026\/04\/untitled-30-of-222.webp 2457w, https:\/\/degertauto.com\/wp-content\/uploads\/2026\/04\/untitled-30-of-222-300x200.webp 300w, https:\/\/degertauto.com\/wp-content\/uploads\/2026\/04\/untitled-30-of-222-1024x683.webp 1024w, https:\/\/degertauto.com\/wp-content\/uploads\/2026\/04\/untitled-30-of-222-768x512.webp 768w, https:\/\/degertauto.com\/wp-content\/uploads\/2026\/04\/untitled-30-of-222-1536x1025.webp 1536w, https:\/\/degertauto.com\/wp-content\/uploads\/2026\/04\/untitled-30-of-222-2048x1366.webp 2048w\" sizes=\"auto, (max-width: 2457px) 100vw, 2457px\" \/><\/div><\/a>\n\t\t\t\t<div class=\"elementor-post__badge\">Participation \u00e0 des foires<\/div>\n\t\t\t\t<div class=\"elementor-post__text\">\n\t\t\t\t<h3 class=\"elementor-post__title\">\n\t\t\t<a href=\"https:\/\/degertauto.com\/fr\/30-ans-de-degert-2024\/\" >\n\t\t\t\t30 ans de DEGERT &#8211; 2024\t\t\t<\/a>\n\t\t<\/h3>\n\t\t\t\t<\/div>\n\t\t\t\t\t<\/div>\n\t\t<\/article>\n\t\t\t\t<article class=\"elementor-post elementor-grid-item post-10349 post type-post status-publish format-standard has-post-thumbnail hentry category-participation-a-des-foires\">\n\t\t\t<div class=\"elementor-post__card\">\n\t\t\t\t<a class=\"elementor-post__thumbnail__link\" href=\"https:\/\/degertauto.com\/fr\/salon-des-pieces-de-rechange-2024\/\" ><div class=\"elementor-post__thumbnail\"><img loading=\"lazy\" decoding=\"async\" width=\"1680\" height=\"1120\" src=\"https:\/\/degertauto.com\/wp-content\/uploads\/2026\/04\/untitled-305-of-554.webp\" class=\"attachment-full size-full wp-image-10304\" alt=\"\" srcset=\"https:\/\/degertauto.com\/wp-content\/uploads\/2026\/04\/untitled-305-of-554.webp 1680w, https:\/\/degertauto.com\/wp-content\/uploads\/2026\/04\/untitled-305-of-554-300x200.webp 300w, https:\/\/degertauto.com\/wp-content\/uploads\/2026\/04\/untitled-305-of-554-1024x683.webp 1024w, https:\/\/degertauto.com\/wp-content\/uploads\/2026\/04\/untitled-305-of-554-768x512.webp 768w, https:\/\/degertauto.com\/wp-content\/uploads\/2026\/04\/untitled-305-of-554-1536x1024.webp 1536w\" sizes=\"auto, (max-width: 1680px) 100vw, 1680px\" \/><\/div><\/a>\n\t\t\t\t<div class=\"elementor-post__badge\">Participation \u00e0 des foires<\/div>\n\t\t\t\t<div class=\"elementor-post__text\">\n\t\t\t\t<h3 class=\"elementor-post__title\">\n\t\t\t<a href=\"https:\/\/degertauto.com\/fr\/salon-des-pieces-de-rechange-2024\/\" >\n\t\t\t\tSalon des pi\u00e8ces de rechange &#8211; 2024\t\t\t<\/a>\n\t\t<\/h3>\n\t\t\t\t<\/div>\n\t\t\t\t\t<\/div>\n\t\t<\/article>\n\t\t\t\t<article class=\"elementor-post elementor-grid-item post-8387 post type-post status-publish format-standard has-post-thumbnail hentry category-seminaires-et-formations\">\n\t\t\t<div class=\"elementor-post__card\">\n\t\t\t\t<a class=\"elementor-post__thumbnail__link\" href=\"https:\/\/degertauto.com\/fr\/participation-et-formation-au-corteco-allemagne-octobre-2023\/\" ><div class=\"elementor-post__thumbnail\"><img loading=\"lazy\" decoding=\"async\" width=\"1020\" height=\"765\" src=\"https:\/\/degertauto.com\/wp-content\/uploads\/2023\/12\/Picture1.jpg\" class=\"attachment-full size-full wp-image-8346\" alt=\"\" srcset=\"https:\/\/degertauto.com\/wp-content\/uploads\/2023\/12\/Picture1.jpg 1020w, https:\/\/degertauto.com\/wp-content\/uploads\/2023\/12\/Picture1-300x225.jpg 300w, https:\/\/degertauto.com\/wp-content\/uploads\/2023\/12\/Picture1-768x576.jpg 768w\" sizes=\"auto, (max-width: 1020px) 100vw, 1020px\" \/><\/div><\/a>\n\t\t\t\t<div class=\"elementor-post__badge\">S\u00e9minaires et Formations<\/div>\n\t\t\t\t<div class=\"elementor-post__text\">\n\t\t\t\t<h3 class=\"elementor-post__title\">\n\t\t\t<a href=\"https:\/\/degertauto.com\/fr\/participation-et-formation-au-corteco-allemagne-octobre-2023\/\" >\n\t\t\t\tParticipation et Formation au Corteco, Allemagne \u2013 Octobre 2023\t\t\t<\/a>\n\t\t<\/h3>\n\t\t\t\t<\/div>\n\t\t\t\t\t<\/div>\n\t\t<\/article>\n\t\t\t\t<article class=\"elementor-post elementor-grid-item post-7157 post type-post status-publish format-standard has-post-thumbnail hentry category-evenements-du-personnel\">\n\t\t\t<div class=\"elementor-post__card\">\n\t\t\t\t<a class=\"elementor-post__thumbnail__link\" href=\"https:\/\/degertauto.com\/fr\/fin-de-semaine-dans-les-alpes-albanaises-valbona-septembre-2023\/\" ><div class=\"elementor-post__thumbnail\"><img loading=\"lazy\" decoding=\"async\" width=\"1020\" height=\"766\" src=\"https:\/\/degertauto.com\/wp-content\/uploads\/2023\/10\/fundjave-ne-alpet-shqipetare.png\" class=\"attachment-full size-full wp-image-5627\" alt=\"\" srcset=\"https:\/\/degertauto.com\/wp-content\/uploads\/2023\/10\/fundjave-ne-alpet-shqipetare.png 1020w, https:\/\/degertauto.com\/wp-content\/uploads\/2023\/10\/fundjave-ne-alpet-shqipetare-300x225.png 300w, https:\/\/degertauto.com\/wp-content\/uploads\/2023\/10\/fundjave-ne-alpet-shqipetare-768x577.png 768w\" sizes=\"auto, (max-width: 1020px) 100vw, 1020px\" \/><\/div><\/a>\n\t\t\t\t<div class=\"elementor-post__badge\">\u00c9v\u00e9nements du personnel<\/div>\n\t\t\t\t<div class=\"elementor-post__text\">\n\t\t\t\t<h3 class=\"elementor-post__title\">\n\t\t\t<a href=\"https:\/\/degertauto.com\/fr\/fin-de-semaine-dans-les-alpes-albanaises-valbona-septembre-2023\/\" >\n\t\t\t\tFin de semaine dans les Alpes Albanaises &#8211; Valbona, Septembre 2023\t\t\t<\/a>\n\t\t<\/h3>\n\t\t\t\t<\/div>\n\t\t\t\t\t<\/div>\n\t\t<\/article>\n\t\t\t\t<article class=\"elementor-post elementor-grid-item post-7216 post type-post status-publish format-standard has-post-thumbnail hentry category-seminaires-et-formations\">\n\t\t\t<div class=\"elementor-post__card\">\n\t\t\t\t<a class=\"elementor-post__thumbnail__link\" href=\"https:\/\/degertauto.com\/fr\/pjesemarrje-dhe-trajnime-tek-grupi-zf-gjermani-gusht-2023\/\" ><div class=\"elementor-post__thumbnail\"><img loading=\"lazy\" decoding=\"async\" width=\"1280\" height=\"1088\" src=\"https:\/\/degertauto.com\/wp-content\/uploads\/2023\/10\/Pjesemarrje-e-drejtuesve-te-shitjeve-prane-ambienteve-te-GRUPIT-ZF-me-vendodhje-ne-Gjermani-Gusht-2023.png\" class=\"attachment-full size-full wp-image-5591\" alt=\"\" srcset=\"https:\/\/degertauto.com\/wp-content\/uploads\/2023\/10\/Pjesemarrje-e-drejtuesve-te-shitjeve-prane-ambienteve-te-GRUPIT-ZF-me-vendodhje-ne-Gjermani-Gusht-2023.png 1280w, https:\/\/degertauto.com\/wp-content\/uploads\/2023\/10\/Pjesemarrje-e-drejtuesve-te-shitjeve-prane-ambienteve-te-GRUPIT-ZF-me-vendodhje-ne-Gjermani-Gusht-2023-300x255.png 300w, https:\/\/degertauto.com\/wp-content\/uploads\/2023\/10\/Pjesemarrje-e-drejtuesve-te-shitjeve-prane-ambienteve-te-GRUPIT-ZF-me-vendodhje-ne-Gjermani-Gusht-2023-1024x870.png 1024w, https:\/\/degertauto.com\/wp-content\/uploads\/2023\/10\/Pjesemarrje-e-drejtuesve-te-shitjeve-prane-ambienteve-te-GRUPIT-ZF-me-vendodhje-ne-Gjermani-Gusht-2023-768x653.png 768w\" sizes=\"auto, (max-width: 1280px) 100vw, 1280px\" \/><\/div><\/a>\n\t\t\t\t<div class=\"elementor-post__badge\">S\u00e9minaires et Formations<\/div>\n\t\t\t\t<div class=\"elementor-post__text\">\n\t\t\t\t<h3 class=\"elementor-post__title\">\n\t\t\t<a href=\"https:\/\/degertauto.com\/fr\/pjesemarrje-dhe-trajnime-tek-grupi-zf-gjermani-gusht-2023\/\" >\n\t\t\t\tParticipation et Formation au Groupe ZF, Allemagne \u2013 Ao\u00fbt 2023\t\t\t<\/a>\n\t\t<\/h3>\n\t\t\t\t<\/div>\n\t\t\t\t\t<\/div>\n\t\t<\/article>\n\t\t\t\t<article class=\"elementor-post elementor-grid-item post-7218 post type-post status-publish format-standard has-post-thumbnail hentry category-seminaires-et-formations\">\n\t\t\t<div class=\"elementor-post__card\">\n\t\t\t\t<a class=\"elementor-post__thumbnail__link\" href=\"https:\/\/degertauto.com\/fr\/pjesemarrje-dhe-trajnime-tek-sampa-turqi-tetor-2022\/\" ><div class=\"elementor-post__thumbnail\"><img loading=\"lazy\" decoding=\"async\" width=\"1090\" height=\"613\" src=\"https:\/\/degertauto.com\/wp-content\/uploads\/2023\/10\/Tetor-2022.jpg\" class=\"attachment-full size-full wp-image-5587\" alt=\"\" srcset=\"https:\/\/degertauto.com\/wp-content\/uploads\/2023\/10\/Tetor-2022.jpg 1090w, https:\/\/degertauto.com\/wp-content\/uploads\/2023\/10\/Tetor-2022-300x169.jpg 300w, https:\/\/degertauto.com\/wp-content\/uploads\/2023\/10\/Tetor-2022-1024x576.jpg 1024w, https:\/\/degertauto.com\/wp-content\/uploads\/2023\/10\/Tetor-2022-768x432.jpg 768w\" sizes=\"auto, (max-width: 1090px) 100vw, 1090px\" \/><\/div><\/a>\n\t\t\t\t<div class=\"elementor-post__badge\">S\u00e9minaires et Formations<\/div>\n\t\t\t\t<div class=\"elementor-post__text\">\n\t\t\t\t<h3 class=\"elementor-post__title\">\n\t\t\t<a href=\"https:\/\/degertauto.com\/fr\/pjesemarrje-dhe-trajnime-tek-sampa-turqi-tetor-2022\/\" >\n\t\t\t\tParticipation et Formation au Sampa, Turquie &#8211; Octobre 2022\t\t\t<\/a>\n\t\t<\/h3>\n\t\t\t\t<\/div>\n\t\t\t\t\t<\/div>\n\t\t<\/article>\n\t\t\t\t<article class=\"elementor-post elementor-grid-item post-7158 post type-post status-publish format-standard has-post-thumbnail hentry category-evenements-du-personnel\">\n\t\t\t<div class=\"elementor-post__card\">\n\t\t\t\t<a class=\"elementor-post__thumbnail__link\" href=\"https:\/\/degertauto.com\/fr\/fetes-de-fin-dannee-decembre-2022\/\" ><div class=\"elementor-post__thumbnail\"><img loading=\"lazy\" decoding=\"async\" width=\"1514\" height=\"836\" src=\"https:\/\/degertauto.com\/wp-content\/uploads\/2023\/10\/Festa-e-Fundvitit-Dhjetor-2022.png\" class=\"attachment-full size-full wp-image-5523\" alt=\"\" srcset=\"https:\/\/degertauto.com\/wp-content\/uploads\/2023\/10\/Festa-e-Fundvitit-Dhjetor-2022.png 1514w, https:\/\/degertauto.com\/wp-content\/uploads\/2023\/10\/Festa-e-Fundvitit-Dhjetor-2022-300x166.png 300w, https:\/\/degertauto.com\/wp-content\/uploads\/2023\/10\/Festa-e-Fundvitit-Dhjetor-2022-1024x565.png 1024w, https:\/\/degertauto.com\/wp-content\/uploads\/2023\/10\/Festa-e-Fundvitit-Dhjetor-2022-768x424.png 768w\" sizes=\"auto, (max-width: 1514px) 100vw, 1514px\" \/><\/div><\/a>\n\t\t\t\t<div class=\"elementor-post__badge\">\u00c9v\u00e9nements du personnel<\/div>\n\t\t\t\t<div class=\"elementor-post__text\">\n\t\t\t\t<h3 class=\"elementor-post__title\">\n\t\t\t<a href=\"https:\/\/degertauto.com\/fr\/fetes-de-fin-dannee-decembre-2022\/\" >\n\t\t\t\tF\u00eates de fin d\u2019Ann\u00e9e, D\u00e9cembre 2022\t\t\t<\/a>\n\t\t<\/h3>\n\t\t\t\t<\/div>\n\t\t\t\t\t<\/div>\n\t\t<\/article>\n\t\t\t\t<article class=\"elementor-post elementor-grid-item post-7159 post type-post status-publish format-standard has-post-thumbnail hentry category-evenements-du-personnel\">\n\t\t\t<div class=\"elementor-post__card\">\n\t\t\t\t<a class=\"elementor-post__thumbnail__link\" href=\"https:\/\/degertauto.com\/fr\/surprise-au-sein-du-personnel-avril-2021\/\" ><div class=\"elementor-post__thumbnail\"><img loading=\"lazy\" decoding=\"async\" width=\"1282\" height=\"955\" src=\"https:\/\/degertauto.com\/wp-content\/uploads\/2023\/10\/Surprize-brenda-stafit-Prill-2021.png\" class=\"attachment-full size-full wp-image-5527\" alt=\"\" srcset=\"https:\/\/degertauto.com\/wp-content\/uploads\/2023\/10\/Surprize-brenda-stafit-Prill-2021.png 1282w, https:\/\/degertauto.com\/wp-content\/uploads\/2023\/10\/Surprize-brenda-stafit-Prill-2021-300x223.png 300w, https:\/\/degertauto.com\/wp-content\/uploads\/2023\/10\/Surprize-brenda-stafit-Prill-2021-1024x763.png 1024w, https:\/\/degertauto.com\/wp-content\/uploads\/2023\/10\/Surprize-brenda-stafit-Prill-2021-768x572.png 768w\" sizes=\"auto, (max-width: 1282px) 100vw, 1282px\" \/><\/div><\/a>\n\t\t\t\t<div class=\"elementor-post__badge\">\u00c9v\u00e9nements du personnel<\/div>\n\t\t\t\t<div class=\"elementor-post__text\">\n\t\t\t\t<h3 class=\"elementor-post__title\">\n\t\t\t<a href=\"https:\/\/degertauto.com\/fr\/surprise-au-sein-du-personnel-avril-2021\/\" >\n\t\t\t\tSurprise au sein du personnel, Avril 2021\t\t\t<\/a>\n\t\t<\/h3>\n\t\t\t\t<\/div>\n\t\t\t\t\t<\/div>\n\t\t<\/article>\n\t\t\t\t<article class=\"elementor-post elementor-grid-item post-7160 post type-post status-publish format-standard has-post-thumbnail hentry category-evenements-du-personnel\">\n\t\t\t<div class=\"elementor-post__card\">\n\t\t\t\t<a class=\"elementor-post__thumbnail__link\" href=\"https:\/\/degertauto.com\/fr\/fin-de-semaine-dans-lumi-i-shales-juillet-2019\/\" ><div class=\"elementor-post__thumbnail\"><img loading=\"lazy\" decoding=\"async\" width=\"1020\" height=\"769\" src=\"https:\/\/degertauto.com\/wp-content\/uploads\/2023\/10\/Fundjave-tek-Lumi-i-ShalesKorrik-2019.png\" class=\"attachment-full size-full wp-image-5535\" alt=\"\" srcset=\"https:\/\/degertauto.com\/wp-content\/uploads\/2023\/10\/Fundjave-tek-Lumi-i-ShalesKorrik-2019.png 1020w, https:\/\/degertauto.com\/wp-content\/uploads\/2023\/10\/Fundjave-tek-Lumi-i-ShalesKorrik-2019-300x226.png 300w, https:\/\/degertauto.com\/wp-content\/uploads\/2023\/10\/Fundjave-tek-Lumi-i-ShalesKorrik-2019-768x579.png 768w\" sizes=\"auto, (max-width: 1020px) 100vw, 1020px\" \/><\/div><\/a>\n\t\t\t\t<div class=\"elementor-post__badge\">\u00c9v\u00e9nements du personnel<\/div>\n\t\t\t\t<div class=\"elementor-post__text\">\n\t\t\t\t<h3 class=\"elementor-post__title\">\n\t\t\t<a href=\"https:\/\/degertauto.com\/fr\/fin-de-semaine-dans-lumi-i-shales-juillet-2019\/\" >\n\t\t\t\tFin de semaine dans Lumi i Shal\u00ebs, Juillet 2019\t\t\t<\/a>\n\t\t<\/h3>\n\t\t\t\t<\/div>\n\t\t\t\t\t<\/div>\n\t\t<\/article>\n\t\t\t\t<article class=\"elementor-post elementor-grid-item post-7161 post type-post status-publish format-standard has-post-thumbnail hentry category-evenements-du-personnel\">\n\t\t\t<div class=\"elementor-post__card\">\n\t\t\t\t<a class=\"elementor-post__thumbnail__link\" href=\"https:\/\/degertauto.com\/fr\/fin-de-semaine-dans-korce-decembre-2019\/\" ><div class=\"elementor-post__thumbnail\"><img loading=\"lazy\" decoding=\"async\" width=\"1280\" height=\"810\" src=\"https:\/\/degertauto.com\/wp-content\/uploads\/2023\/10\/Fundjave-ne-Korce-Dhjetor-2019.png\" class=\"attachment-full size-full wp-image-5531\" alt=\"\" srcset=\"https:\/\/degertauto.com\/wp-content\/uploads\/2023\/10\/Fundjave-ne-Korce-Dhjetor-2019.png 1280w, https:\/\/degertauto.com\/wp-content\/uploads\/2023\/10\/Fundjave-ne-Korce-Dhjetor-2019-300x190.png 300w, https:\/\/degertauto.com\/wp-content\/uploads\/2023\/10\/Fundjave-ne-Korce-Dhjetor-2019-1024x648.png 1024w, https:\/\/degertauto.com\/wp-content\/uploads\/2023\/10\/Fundjave-ne-Korce-Dhjetor-2019-768x486.png 768w\" sizes=\"auto, (max-width: 1280px) 100vw, 1280px\" \/><\/div><\/a>\n\t\t\t\t<div class=\"elementor-post__badge\">\u00c9v\u00e9nements du personnel<\/div>\n\t\t\t\t<div class=\"elementor-post__text\">\n\t\t\t\t<h3 class=\"elementor-post__title\">\n\t\t\t<a href=\"https:\/\/degertauto.com\/fr\/fin-de-semaine-dans-korce-decembre-2019\/\" >\n\t\t\t\tFin de semaine dans Kor\u00e7\u00eb, D\u00e9cembre 2019\t\t\t<\/a>\n\t\t<\/h3>\n\t\t\t\t<\/div>\n\t\t\t\t\t<\/div>\n\t\t<\/article>\n\t\t\t\t<article class=\"elementor-post elementor-grid-item post-7196 post type-post status-publish format-standard has-post-thumbnail hentry category-participation-a-des-foires\">\n\t\t\t<div class=\"elementor-post__card\">\n\t\t\t\t<a class=\"elementor-post__thumbnail__link\" href=\"https:\/\/degertauto.com\/fr\/foire-des-affaires-2019\/\" ><div class=\"elementor-post__thumbnail\"><img loading=\"lazy\" decoding=\"async\" width=\"1280\" height=\"853\" src=\"https:\/\/degertauto.com\/wp-content\/uploads\/2023\/08\/GDGW6872.jpg\" class=\"attachment-full size-full wp-image-4531\" alt=\"\" srcset=\"https:\/\/degertauto.com\/wp-content\/uploads\/2023\/08\/GDGW6872.jpg 1280w, https:\/\/degertauto.com\/wp-content\/uploads\/2023\/08\/GDGW6872-300x200.jpg 300w, https:\/\/degertauto.com\/wp-content\/uploads\/2023\/08\/GDGW6872-1024x682.jpg 1024w, https:\/\/degertauto.com\/wp-content\/uploads\/2023\/08\/GDGW6872-768x512.jpg 768w\" sizes=\"auto, (max-width: 1280px) 100vw, 1280px\" \/><\/div><\/a>\n\t\t\t\t<div class=\"elementor-post__badge\">Participation \u00e0 des foires<\/div>\n\t\t\t\t<div class=\"elementor-post__text\">\n\t\t\t\t<h3 class=\"elementor-post__title\">\n\t\t\t<a href=\"https:\/\/degertauto.com\/fr\/foire-des-affaires-2019\/\" >\n\t\t\t\tFoire des Affaires 2019\t\t\t<\/a>\n\t\t<\/h3>\n\t\t\t\t<\/div>\n\t\t\t\t\t<\/div>\n\t\t<\/article>\n\t\t\t\t<article class=\"elementor-post elementor-grid-item post-7179 post type-post status-publish format-standard has-post-thumbnail hentry category-inaugurations-fr\">\n\t\t\t<div class=\"elementor-post__card\">\n\t\t\t\t<a class=\"elementor-post__thumbnail__link\" href=\"https:\/\/degertauto.com\/fr\/inauguration-du-magasin-a-korca-2019\/\" ><div class=\"elementor-post__thumbnail\"><img loading=\"lazy\" decoding=\"async\" width=\"1000\" height=\"667\" src=\"https:\/\/degertauto.com\/wp-content\/uploads\/2023\/08\/MG_9821.jpg\" class=\"attachment-full size-full wp-image-4183\" alt=\"\" srcset=\"https:\/\/degertauto.com\/wp-content\/uploads\/2023\/08\/MG_9821.jpg 1000w, https:\/\/degertauto.com\/wp-content\/uploads\/2023\/08\/MG_9821-300x200.jpg 300w, https:\/\/degertauto.com\/wp-content\/uploads\/2023\/08\/MG_9821-768x512.jpg 768w\" sizes=\"auto, (max-width: 1000px) 100vw, 1000px\" \/><\/div><\/a>\n\t\t\t\t<div class=\"elementor-post__badge\">Inaugurations<\/div>\n\t\t\t\t<div class=\"elementor-post__text\">\n\t\t\t\t<h3 class=\"elementor-post__title\">\n\t\t\t<a href=\"https:\/\/degertauto.com\/fr\/inauguration-du-magasin-a-korca-2019\/\" >\n\t\t\t\tInauguration du magasin \u00e0 Kor\u00e7a 2019\t\t\t<\/a>\n\t\t<\/h3>\n\t\t\t\t<\/div>\n\t\t\t\t\t<\/div>\n\t\t<\/article>\n\t\t\t\t<\/div>\n\n\n\t\t\t\t\t<span class=\"e-load-more-spinner\">\n\t\t\t\t<i aria-hidden=\"true\" class=\"fas fa-spinner\"><\/i>\t\t\t<\/span>\n\t\t\n\t\t\t\t<div class=\"e-load-more-anchor\" data-page=\"1\" data-max-page=\"2\" data-next-page=\"https:\/\/degertauto.com\/fr\/wp-json\/wp\/v2\/pages\/7146\/page\/2\/\"><\/div>\n\t\t\t\t<div class=\"elementor-button-wrapper\">\n\t\t\t<a href=\"#\" class=\"elementor-button-link elementor-button\" role=\"button\">\n\t\t\t\t\t\t<span class=\"elementor-button-content-wrapper\">\n\t\t\t\t\t\t<span class=\"elementor-button-text\">Voir plus<\/span>\n\t\t<\/span>\n\t\t\t\t\t<\/a>\n\t\t<\/div>\n\t\t\t\t<div class=\"e-load-more-message\">Nuk u gjet\u00ebn asnj\u00eb postim tjeter.<\/div>\n\t\t\t\t<\/div>\n\t\t\t\t<\/div>\n\t\t\t\t<\/div>\n\t\t\t\t\t<\/div>\n\t\t\t\t<\/div>\n\t\t\t\t\t\t\t<\/div>\n\t\t","protected":false},"excerpt":{"rendered":"<p>\u00c9v\u00e9nements du personnel Voir Plus INAUGURATIONS Voir Plus PARTICIPATION \u00c0 DES FOIRES Voir Plus S\u00c9MINAIRES et FORMATIONS Voir Plus<\/p>\n","protected":false},"author":1,"featured_media":0,"parent":0,"menu_order":0,"comment_status":"closed","ping_status":"closed","template":"elementor_header_footer","meta":{"footnotes":""},"class_list":["post-7146","page","type-page","status-publish","hentry"],"acf":[],"_links":{"self":[{"href":"https:\/\/degertauto.com\/fr\/wp-json\/wp\/v2\/pages\/7146","targetHints":{"allow":["GET"]}}],"collection":[{"href":"https:\/\/degertauto.com\/fr\/wp-json\/wp\/v2\/pages"}],"about":[{"href":"https:\/\/degertauto.com\/fr\/wp-json\/wp\/v2\/types\/page"}],"author":[{"embeddable":true,"href":"https:\/\/degertauto.com\/fr\/wp-json\/wp\/v2\/users\/1"}],"replies":[{"embeddable":true,"href":"https:\/\/degertauto.com\/fr\/wp-json\/wp\/v2\/comments?post=7146"}],"version-history":[{"count":10,"href":"https:\/\/degertauto.com\/fr\/wp-json\/wp\/v2\/pages\/7146\/revisions"}],"predecessor-version":[{"id":8409,"href":"https:\/\/degertauto.com\/fr\/wp-json\/wp\/v2\/pages\/7146\/revisions\/8409"}],"wp:attachment":[{"href":"https:\/\/degertauto.com\/fr\/wp-json\/wp\/v2\/media?parent=7146"}],"curies":[{"name":"wp","href":"https:\/\/api.w.org\/{rel}","templated":true}]}}