{"id":7376,"date":"2023-09-05T12:57:05","date_gmt":"2023-09-05T12:57:05","guid":{"rendered":"https:\/\/degertauto.web-devtesting.xyz\/historiku\/"},"modified":"2024-04-24T08:56:05","modified_gmt":"2024-04-24T08:56:05","slug":"arriere-plan","status":"publish","type":"page","link":"https:\/\/degertauto.com\/fr\/arriere-plan\/","title":{"rendered":"ARRI\u00c8RE-PLAN"},"content":{"rendered":"\t\t<div data-elementor-type=\"wp-page\" data-elementor-id=\"7376\" class=\"elementor elementor-7376 elementor-1884\">\n\t\t\t\t\t\t\t<div class=\"elementor-element elementor-element-8d765dc e-flex e-con-boxed e-con\" data-id=\"8d765dc\" data-element_type=\"container\" data-settings=\"{&quot;background_background&quot;:&quot;classic&quot;,&quot;content_width&quot;:&quot;boxed&quot;}\">\n\t\t\t\t\t<div class=\"e-con-inner\">\n\t\t\t\t<div class=\"elementor-element elementor-element-eb3a0a7 elementor-widget elementor-widget-button\" data-id=\"eb3a0a7\" data-element_type=\"widget\" data-widget_type=\"button.default\">\n\t\t\t\t<div class=\"elementor-widget-container\">\n\t\t\t\t\t<div class=\"elementor-button-wrapper\">\n\t\t\t<a class=\"elementor-button elementor-button-link elementor-size-sm\" href=\"\/fr\/a-propos-de-nous\/\">\n\t\t\t\t\t\t<span class=\"elementor-button-content-wrapper\">\n\t\t\t\t\t\t<span class=\"elementor-button-icon elementor-align-icon-left\">\n\t\t\t\t<i aria-hidden=\"true\" class=\"fas fa-long-arrow-alt-left\"><\/i>\t\t\t<\/span>\n\t\t\t\t\t\t<span class=\"elementor-button-text\">En arri\u00e8re<\/span>\n\t\t<\/span>\n\t\t\t\t\t<\/a>\n\t\t<\/div>\n\t\t\t\t<\/div>\n\t\t\t\t<\/div>\n\t\t\t\t\t<\/div>\n\t\t\t\t<\/div>\n\t\t<div class=\"elementor-element elementor-element-19e103b home-about e-flex e-con-boxed e-con\" data-id=\"19e103b\" data-element_type=\"container\" data-settings=\"{&quot;content_width&quot;:&quot;boxed&quot;}\">\n\t\t\t\t\t<div class=\"e-con-inner\">\n\t\t<div class=\"elementor-element elementor-element-a216b57 e-con-full left-col-about e-flex elementor-invisible e-con\" data-id=\"a216b57\" data-element_type=\"container\" data-settings=\"{&quot;content_width&quot;:&quot;full&quot;,&quot;background_background&quot;:&quot;classic&quot;,&quot;animation&quot;:&quot;fadeInLeft&quot;}\">\n\t\t\t\t<div class=\"elementor-element elementor-element-0d69636 elementor-widget elementor-widget-heading\" data-id=\"0d69636\" data-element_type=\"widget\" data-widget_type=\"heading.default\">\n\t\t\t\t<div class=\"elementor-widget-container\">\n\t\t\t<style>\/*! elementor - v3.15.0 - 09-08-2023 *\/\n.elementor-heading-title{padding:0;margin:0;line-height:1}.elementor-widget-heading .elementor-heading-title[class*=elementor-size-]>a{color:inherit;font-size:inherit;line-height:inherit}.elementor-widget-heading .elementor-heading-title.elementor-size-small{font-size:15px}.elementor-widget-heading .elementor-heading-title.elementor-size-medium{font-size:19px}.elementor-widget-heading .elementor-heading-title.elementor-size-large{font-size:29px}.elementor-widget-heading .elementor-heading-title.elementor-size-xl{font-size:39px}.elementor-widget-heading .elementor-heading-title.elementor-size-xxl{font-size:59px}<\/style><h4 class=\"elementor-heading-title elementor-size-default\">ARRI\u00c8RE-PLAN<\/h4>\t\t<\/div>\n\t\t\t\t<\/div>\n\t\t\t\t<div class=\"elementor-element elementor-element-b634763 elementor-widget elementor-widget-heading\" data-id=\"b634763\" data-element_type=\"widget\" data-widget_type=\"heading.default\">\n\t\t\t\t<div class=\"elementor-widget-container\">\n\t\t\t<h2 class=\"elementor-heading-title elementor-size-default\">30 ANS \u00c0 TES C\u00d4T\u00c9S <\/h2>\t\t<\/div>\n\t\t\t\t<\/div>\n\t\t\t\t<div class=\"elementor-element elementor-element-d4c00ed elementor-widget elementor-widget-text-editor\" data-id=\"d4c00ed\" data-element_type=\"widget\" data-widget_type=\"text-editor.default\">\n\t\t\t\t<div class=\"elementor-widget-container\">\n\t\t\t<style>\/*! elementor - v3.15.0 - 09-08-2023 *\/\n.elementor-widget-text-editor.elementor-drop-cap-view-stacked .elementor-drop-cap{background-color:#69727d;color:#fff}.elementor-widget-text-editor.elementor-drop-cap-view-framed .elementor-drop-cap{color:#69727d;border:3px solid;background-color:transparent}.elementor-widget-text-editor:not(.elementor-drop-cap-view-default) .elementor-drop-cap{margin-top:8px}.elementor-widget-text-editor:not(.elementor-drop-cap-view-default) .elementor-drop-cap-letter{width:1em;height:1em}.elementor-widget-text-editor .elementor-drop-cap{float:left;text-align:center;line-height:1;font-size:50px}.elementor-widget-text-editor .elementor-drop-cap-letter{display:inline-block}<\/style>\t\t\t\t<p>Degert Auto SA, \u00e7a a eu ses modestes d\u00e9buts en 1994 dans la ville de La\u00e7, une activit\u00e9 avec une orientation principale dans le domaine du commerce de pi\u00e8ces de rechange qui s\u2019est consolid\u00e9e et am\u00e9lior\u00e9e au fil du temps, r\u00e9ussissant \u00e0 devenir l\u2019une des soci\u00e9t\u00e9s leaders du pays. Forte d\u2019une exp\u00e9rience de plus de 30 ans sur le march\u00e9 des pi\u00e8ces de rechange et lubrifiants pour v\u00e9hicules, la soci\u00e9t\u00e9 propose une large gamme de produits et services con\u00e7us pour r\u00e9pondre au mieux aux besoins des clients.<\/p><p>Alors, pour \u00eatre plus proche de ses clients afin de r\u00e9pondre au mieux \u00e0 ces besoins, la soci\u00e9t\u00e9 a investi dans l\u2019ouverture de nouvelles unit\u00e9s dans les villes les plus importantes du pays.<\/p>\t\t\t\t\t\t<\/div>\n\t\t\t\t<\/div>\n\t\t\t\t<\/div>\n\t\t<div class=\"elementor-element elementor-element-33f9524 e-con-full e-flex elementor-invisible e-con\" data-id=\"33f9524\" data-element_type=\"container\" data-settings=\"{&quot;content_width&quot;:&quot;full&quot;,&quot;animation&quot;:&quot;fadeInRight&quot;}\">\n\t\t\t\t<div class=\"elementor-element elementor-element-8025d0e image-about single-category elementor-widget elementor-widget-image\" data-id=\"8025d0e\" data-element_type=\"widget\" data-widget_type=\"image.default\">\n\t\t\t\t<div class=\"elementor-widget-container\">\n\t\t\t<style>\/*! elementor - v3.15.0 - 09-08-2023 *\/\n.elementor-widget-image{text-align:center}.elementor-widget-image a{display:inline-block}.elementor-widget-image a img[src$=\".svg\"]{width:48px}.elementor-widget-image img{vertical-align:middle;display:inline-block}<\/style>\t\t\t\t\t\t\t\t\t\t\t\t<img loading=\"lazy\" decoding=\"async\" width=\"1520\" height=\"1000\" src=\"https:\/\/degertauto.com\/wp-content\/uploads\/2023\/10\/historiku-foto-dyqani-lac.jpg\" class=\"attachment-full size-full wp-image-5491\" alt=\"\" srcset=\"https:\/\/degertauto.com\/wp-content\/uploads\/2023\/10\/historiku-foto-dyqani-lac.jpg 1520w, https:\/\/degertauto.com\/wp-content\/uploads\/2023\/10\/historiku-foto-dyqani-lac-300x197.jpg 300w, https:\/\/degertauto.com\/wp-content\/uploads\/2023\/10\/historiku-foto-dyqani-lac-1024x674.jpg 1024w, https:\/\/degertauto.com\/wp-content\/uploads\/2023\/10\/historiku-foto-dyqani-lac-768x505.jpg 768w\" sizes=\"auto, (max-width: 1520px) 100vw, 1520px\" \/>\t\t\t\t\t\t\t\t\t\t\t\t\t\t\t<\/div>\n\t\t\t\t<\/div>\n\t\t\t\t<\/div>\n\t\t\t\t\t<\/div>\n\t\t\t\t<\/div>\n\t\t<div class=\"elementor-element elementor-element-80eecb9 e-flex e-con-boxed elementor-invisible e-con\" data-id=\"80eecb9\" data-element_type=\"container\" data-settings=\"{&quot;animation&quot;:&quot;fadeIn&quot;,&quot;content_width&quot;:&quot;boxed&quot;}\">\n\t\t\t\t\t<div class=\"e-con-inner\">\n\t\t\t\t<div class=\"elementor-element elementor-element-aab968e elementor-widget elementor-widget-wil-timeline\" data-id=\"aab968e\" data-element_type=\"widget\" data-widget_type=\"wil-timeline.default\">\n\t\t\t\t<div class=\"elementor-widget-container\">\n\t\t\t\n\n\n\n<div class=\"wil-timeline-wrapper\">\n                                  <div class=\"wil-timeline pos:relative ov:hidden maw:860px m:auto d:flex c:#000 lh:1.5 \">\n      <div class=\"wil-timeline__inner m:20px_0 mr:40px@+sm d:flex@sm ai:center pos:relative \">\n\n                  <div class=\"w:50%@sm mr:30px@sm\">\n            <img decoding=\"async\" class=\"w:100% va:middle bdrs:15px\" src=\"https:\/\/degertauto.com\/wp-content\/uploads\/2023\/12\/kavaje.jpg\" alt=\"\">\n          <\/div>\n        \n        <div class=\"wil-timeline__content w:50%@sm ml:30px@sm\">\n                      <div class=\"wil-timeline__time fz:pfs(40px,80px) timeTypo c:#eee lts:1px fw:700!\" style=\"\">\n              <span>2023<\/span>\n            <\/div>\n                    <div class=\"pos:absolute z:9 t:50% r:-44px@+md l:50%@md trf:translate(-50%,-50%)_rotate(45deg) w:16px h:16px bgc:#fff c:#eee bd:2px_solid_currentcolor\" style=\"\"><\/div>\n                      <h2 class=\"wil-timeline__title titleTypo m:0 fz:pfs(22px,26px) lts:1px fw:600!\" style=\"\">Magasin \u00e0 Kavaj\u00eb   <\/h2>\n                                <div class=\"wil-timeline__text textTypo mt:10px op:0.8 fz:15px c:#444\" style=\"\"><p>Notre nouveau magasin \u00e0 rejoindre notre r\u00e9seau...<\/p><\/div>\n                            <\/div>\n      <\/div>\n      <div class=\"pos:absolute t:0 r:12px r:50%@sm w:2px h:100% mr:-1px bgc:#eee bdrs:2px\" style=\"\"><\/div>\n    <\/div>\n                                  <div class=\"wil-timeline pos:relative ov:hidden maw:860px m:auto d:flex c:#000 lh:1.5 jc:flex-end@sm\">\n      <div class=\"wil-timeline__inner m:20px_0 mr:40px@+sm d:flex@sm ai:center pos:relative flf:row-reverse\">\n\n                  <div class=\"w:50%@sm ml:30px@sm\">\n            <img decoding=\"async\" class=\"w:100% va:middle bdrs:15px\" src=\"https:\/\/degertauto.com\/wp-content\/uploads\/2023\/10\/magazina-degert-fier.jpg\" alt=\"\">\n          <\/div>\n        \n        <div class=\"wil-timeline__content w:50%@sm mr:30px@sm ta:right@sm\">\n                      <div class=\"wil-timeline__time fz:pfs(40px,80px) timeTypo c:#eee lts:1px fw:700!\" style=\"\">\n              <span>2022<\/span>\n            <\/div>\n                    <div class=\"pos:absolute z:9 t:50% r:-44px@+md l:50%@md trf:translate(-50%,-50%)_rotate(45deg) w:16px h:16px bgc:#fff c:#eee bd:2px_solid_currentcolor\" style=\"\"><\/div>\n                      <h2 class=\"wil-timeline__title titleTypo m:0 fz:pfs(22px,26px) lts:1px fw:600!\" style=\"\">Entrep\u00f4t \u00e0 Fier  <\/h2>\n                                <div class=\"wil-timeline__text textTypo mt:10px op:0.8 fz:15px c:#444\" style=\"\"><p>Nouvel entrep\u00f4t dans la zone industrielle de Fier, Albanie<\/p><\/div>\n                            <\/div>\n      <\/div>\n      <div class=\"pos:absolute t:0 r:12px r:50%@sm w:2px h:100% mr:-1px bgc:#eee bdrs:2px\" style=\"\"><\/div>\n    <\/div>\n                                  <div class=\"wil-timeline pos:relative ov:hidden maw:860px m:auto d:flex c:#000 lh:1.5 \">\n      <div class=\"wil-timeline__inner m:20px_0 mr:40px@+sm d:flex@sm ai:center pos:relative \">\n\n                  <div class=\"w:50%@sm mr:30px@sm\">\n            <img decoding=\"async\" class=\"w:100% va:middle bdrs:15px\" src=\"https:\/\/degertauto.com\/wp-content\/uploads\/2023\/10\/magazina-e-lezhes.jpg\" alt=\"\">\n          <\/div>\n        \n        <div class=\"wil-timeline__content w:50%@sm ml:30px@sm\">\n                      <div class=\"wil-timeline__time fz:pfs(40px,80px) timeTypo c:#eee lts:1px fw:700!\" style=\"\">\n              <span>2021<\/span>\n            <\/div>\n                    <div class=\"pos:absolute z:9 t:50% r:-44px@+md l:50%@md trf:translate(-50%,-50%)_rotate(45deg) w:16px h:16px bgc:#fff c:#eee bd:2px_solid_currentcolor\" style=\"\"><\/div>\n                      <h2 class=\"wil-timeline__title titleTypo m:0 fz:pfs(22px,26px) lts:1px fw:600!\" style=\"\">Entrep\u00f4t \u00e0 Lezhe <\/h2>\n                                <div class=\"wil-timeline__text textTypo mt:10px op:0.8 fz:15px c:#444\" style=\"\"><p>Inauguration de l\u2019entrep\u00f4t \u00e0 Lezha.<\/p><\/div>\n                            <\/div>\n      <\/div>\n      <div class=\"pos:absolute t:0 r:12px r:50%@sm w:2px h:100% mr:-1px bgc:#eee bdrs:2px\" style=\"\"><\/div>\n    <\/div>\n                                  <div class=\"wil-timeline pos:relative ov:hidden maw:860px m:auto d:flex c:#000 lh:1.5 jc:flex-end@sm\">\n      <div class=\"wil-timeline__inner m:20px_0 mr:40px@+sm d:flex@sm ai:center pos:relative flf:row-reverse\">\n\n                  <div class=\"w:50%@sm ml:30px@sm\">\n            <img decoding=\"async\" class=\"w:100% va:middle bdrs:15px\" src=\"https:\/\/degertauto.com\/wp-content\/uploads\/2023\/09\/Dyqani-LUSHNJE.jpg\" alt=\"\">\n          <\/div>\n        \n        <div class=\"wil-timeline__content w:50%@sm mr:30px@sm ta:right@sm\">\n                      <div class=\"wil-timeline__time fz:pfs(40px,80px) timeTypo c:#eee lts:1px fw:700!\" style=\"\">\n              <span>2021<\/span>\n            <\/div>\n                    <div class=\"pos:absolute z:9 t:50% r:-44px@+md l:50%@md trf:translate(-50%,-50%)_rotate(45deg) w:16px h:16px bgc:#fff c:#eee bd:2px_solid_currentcolor\" style=\"\"><\/div>\n                      <h2 class=\"wil-timeline__title titleTypo m:0 fz:pfs(22px,26px) lts:1px fw:600!\" style=\"\">Magasin \u00e0 Lushnje<\/h2>\n                                <div class=\"wil-timeline__text textTypo mt:10px op:0.8 fz:15px c:#444\" style=\"\"><p>Notre nouveau magasin \u00e0 rejoindre notre r\u00e9seau...<\/p><\/div>\n                            <\/div>\n      <\/div>\n      <div class=\"pos:absolute t:0 r:12px r:50%@sm w:2px h:100% mr:-1px bgc:#eee bdrs:2px\" style=\"\"><\/div>\n    <\/div>\n                                  <div class=\"wil-timeline pos:relative ov:hidden maw:860px m:auto d:flex c:#000 lh:1.5 \">\n      <div class=\"wil-timeline__inner m:20px_0 mr:40px@+sm d:flex@sm ai:center pos:relative \">\n\n                  <div class=\"w:50%@sm mr:30px@sm\">\n            <img decoding=\"async\" class=\"w:100% va:middle bdrs:15px\" src=\"https:\/\/degertauto.com\/wp-content\/uploads\/2023\/09\/Dyqani-Elbasan.jpg\" alt=\"\">\n          <\/div>\n        \n        <div class=\"wil-timeline__content w:50%@sm ml:30px@sm\">\n                      <div class=\"wil-timeline__time fz:pfs(40px,80px) timeTypo c:#eee lts:1px fw:700!\" style=\"\">\n              <span>2021<\/span>\n            <\/div>\n                    <div class=\"pos:absolute z:9 t:50% r:-44px@+md l:50%@md trf:translate(-50%,-50%)_rotate(45deg) w:16px h:16px bgc:#fff c:#eee bd:2px_solid_currentcolor\" style=\"\"><\/div>\n                      <h2 class=\"wil-timeline__title titleTypo m:0 fz:pfs(22px,26px) lts:1px fw:600!\" style=\"\">Magasin \u00e0 Elbasan   <\/h2>\n                                <div class=\"wil-timeline__text textTypo mt:10px op:0.8 fz:15px c:#444\" style=\"\"><p>Notre nouveau magasin \u00e0 rejoindre notre r\u00e9seau...<\/p><\/div>\n                            <\/div>\n      <\/div>\n      <div class=\"pos:absolute t:0 r:12px r:50%@sm w:2px h:100% mr:-1px bgc:#eee bdrs:2px\" style=\"\"><\/div>\n    <\/div>\n                                  <div class=\"wil-timeline pos:relative ov:hidden maw:860px m:auto d:flex c:#000 lh:1.5 jc:flex-end@sm\">\n      <div class=\"wil-timeline__inner m:20px_0 mr:40px@+sm d:flex@sm ai:center pos:relative flf:row-reverse\">\n\n                  <div class=\"w:50%@sm ml:30px@sm\">\n            <img decoding=\"async\" class=\"w:100% va:middle bdrs:15px\" src=\"https:\/\/degertauto.com\/wp-content\/uploads\/2023\/09\/Dyqani-M4-Kamez.jpg\" alt=\"\">\n          <\/div>\n        \n        <div class=\"wil-timeline__content w:50%@sm mr:30px@sm ta:right@sm\">\n                      <div class=\"wil-timeline__time fz:pfs(40px,80px) timeTypo c:#eee lts:1px fw:700!\" style=\"\">\n              <span>2020<\/span>\n            <\/div>\n                    <div class=\"pos:absolute z:9 t:50% r:-44px@+md l:50%@md trf:translate(-50%,-50%)_rotate(45deg) w:16px h:16px bgc:#fff c:#eee bd:2px_solid_currentcolor\" style=\"\"><\/div>\n                      <h2 class=\"wil-timeline__title titleTypo m:0 fz:pfs(22px,26px) lts:1px fw:600!\" style=\"\">Magasin \u00e0 Kamez<\/h2>\n                                <div class=\"wil-timeline__text textTypo mt:10px op:0.8 fz:15px c:#444\" style=\"\"><p>Notre nouveau magasin \u00e0 rejoindre notre r\u00e9seau...<\/p><\/div>\n                            <\/div>\n      <\/div>\n      <div class=\"pos:absolute t:0 r:12px r:50%@sm w:2px h:100% mr:-1px bgc:#eee bdrs:2px\" style=\"\"><\/div>\n    <\/div>\n                                  <div class=\"wil-timeline pos:relative ov:hidden maw:860px m:auto d:flex c:#000 lh:1.5 \">\n      <div class=\"wil-timeline__inner m:20px_0 mr:40px@+sm d:flex@sm ai:center pos:relative \">\n\n                  <div class=\"w:50%@sm mr:30px@sm\">\n            <img decoding=\"async\" class=\"w:100% va:middle bdrs:15px\" src=\"https:\/\/degertauto.com\/wp-content\/uploads\/2023\/09\/Dyqani-freskut.jpg\" alt=\"\">\n          <\/div>\n        \n        <div class=\"wil-timeline__content w:50%@sm ml:30px@sm\">\n                      <div class=\"wil-timeline__time fz:pfs(40px,80px) timeTypo c:#eee lts:1px fw:700!\" style=\"\">\n              <span>2019<\/span>\n            <\/div>\n                    <div class=\"pos:absolute z:9 t:50% r:-44px@+md l:50%@md trf:translate(-50%,-50%)_rotate(45deg) w:16px h:16px bgc:#fff c:#eee bd:2px_solid_currentcolor\" style=\"\"><\/div>\n                      <h2 class=\"wil-timeline__title titleTypo m:0 fz:pfs(22px,26px) lts:1px fw:600!\" style=\"\">Magasin \u00e0 Fresk<\/h2>\n                                <div class=\"wil-timeline__text textTypo mt:10px op:0.8 fz:15px c:#444\" style=\"\"><p>Notre nouveau magasin \u00e0 rejoindre notre r\u00e9seau...<\/p><\/div>\n                            <\/div>\n      <\/div>\n      <div class=\"pos:absolute t:0 r:12px r:50%@sm w:2px h:100% mr:-1px bgc:#eee bdrs:2px\" style=\"\"><\/div>\n    <\/div>\n                                  <div class=\"wil-timeline pos:relative ov:hidden maw:860px m:auto d:flex c:#000 lh:1.5 jc:flex-end@sm\">\n      <div class=\"wil-timeline__inner m:20px_0 mr:40px@+sm d:flex@sm ai:center pos:relative flf:row-reverse\">\n\n                  <div class=\"w:50%@sm ml:30px@sm\">\n            <img decoding=\"async\" class=\"w:100% va:middle bdrs:15px\" src=\"https:\/\/degertauto.com\/wp-content\/uploads\/2023\/09\/Dyqani-Vore.jpg\" alt=\"\">\n          <\/div>\n        \n        <div class=\"wil-timeline__content w:50%@sm mr:30px@sm ta:right@sm\">\n                      <div class=\"wil-timeline__time fz:pfs(40px,80px) timeTypo c:#eee lts:1px fw:700!\" style=\"\">\n              <span>2019<\/span>\n            <\/div>\n                    <div class=\"pos:absolute z:9 t:50% r:-44px@+md l:50%@md trf:translate(-50%,-50%)_rotate(45deg) w:16px h:16px bgc:#fff c:#eee bd:2px_solid_currentcolor\" style=\"\"><\/div>\n                      <h2 class=\"wil-timeline__title titleTypo m:0 fz:pfs(22px,26px) lts:1px fw:600!\" style=\"\">Magasin \u00e0 Vlore<\/h2>\n                                <div class=\"wil-timeline__text textTypo mt:10px op:0.8 fz:15px c:#444\" style=\"\"><p>Notre nouveau magasin \u00e0 rejoindre notre r\u00e9seau...<\/p><\/div>\n                            <\/div>\n      <\/div>\n      <div class=\"pos:absolute t:0 r:12px r:50%@sm w:2px h:100% mr:-1px bgc:#eee bdrs:2px\" style=\"\"><\/div>\n    <\/div>\n                                  <div class=\"wil-timeline pos:relative ov:hidden maw:860px m:auto d:flex c:#000 lh:1.5 \">\n      <div class=\"wil-timeline__inner m:20px_0 mr:40px@+sm d:flex@sm ai:center pos:relative \">\n\n                  <div class=\"w:50%@sm mr:30px@sm\">\n            <img decoding=\"async\" class=\"w:100% va:middle bdrs:15px\" src=\"https:\/\/degertauto.com\/wp-content\/uploads\/2023\/09\/Dyqani-Korce.jpg\" alt=\"\">\n          <\/div>\n        \n        <div class=\"wil-timeline__content w:50%@sm ml:30px@sm\">\n                      <div class=\"wil-timeline__time fz:pfs(40px,80px) timeTypo c:#eee lts:1px fw:700!\" style=\"\">\n              <span>2019<\/span>\n            <\/div>\n                    <div class=\"pos:absolute z:9 t:50% r:-44px@+md l:50%@md trf:translate(-50%,-50%)_rotate(45deg) w:16px h:16px bgc:#fff c:#eee bd:2px_solid_currentcolor\" style=\"\"><\/div>\n                      <h2 class=\"wil-timeline__title titleTypo m:0 fz:pfs(22px,26px) lts:1px fw:600!\" style=\"\">Magasin \u00e0 Kor\u00e7\u00eb<\/h2>\n                                <div class=\"wil-timeline__text textTypo mt:10px op:0.8 fz:15px c:#444\" style=\"\"><p>Notre nouveau magasin \u00e0 rejoindre notre r\u00e9seau...<\/p><\/div>\n                            <\/div>\n      <\/div>\n      <div class=\"pos:absolute t:0 r:12px r:50%@sm w:2px h:100% mr:-1px bgc:#eee bdrs:2px\" style=\"\"><\/div>\n    <\/div>\n                                  <div class=\"wil-timeline pos:relative ov:hidden maw:860px m:auto d:flex c:#000 lh:1.5 jc:flex-end@sm\">\n      <div class=\"wil-timeline__inner m:20px_0 mr:40px@+sm d:flex@sm ai:center pos:relative flf:row-reverse\">\n\n                  <div class=\"w:50%@sm ml:30px@sm\">\n            <img decoding=\"async\" class=\"w:100% va:middle bdrs:15px\" src=\"https:\/\/degertauto.com\/wp-content\/uploads\/2023\/09\/dyqani-kavaje.jpg\" alt=\"\">\n          <\/div>\n        \n        <div class=\"wil-timeline__content w:50%@sm mr:30px@sm ta:right@sm\">\n                      <div class=\"wil-timeline__time fz:pfs(40px,80px) timeTypo c:#eee lts:1px fw:700!\" style=\"\">\n              <span>2017<\/span>\n            <\/div>\n                    <div class=\"pos:absolute z:9 t:50% r:-44px@+md l:50%@md trf:translate(-50%,-50%)_rotate(45deg) w:16px h:16px bgc:#fff c:#eee bd:2px_solid_currentcolor\" style=\"\"><\/div>\n                      <h2 class=\"wil-timeline__title titleTypo m:0 fz:pfs(22px,26px) lts:1px fw:600!\" style=\"\">Magasin \u00e0 Kavaj\u00eb   <\/h2>\n                                <div class=\"wil-timeline__text textTypo mt:10px op:0.8 fz:15px c:#444\" style=\"\"><p>Notre nouveau magasin \u00e0 rejoindre notre r\u00e9seau...<\/p><\/div>\n                            <\/div>\n      <\/div>\n      <div class=\"pos:absolute t:0 r:12px r:50%@sm w:2px h:100% mr:-1px bgc:#eee bdrs:2px\" style=\"\"><\/div>\n    <\/div>\n                                  <div class=\"wil-timeline pos:relative ov:hidden maw:860px m:auto d:flex c:#000 lh:1.5 \">\n      <div class=\"wil-timeline__inner m:20px_0 mr:40px@+sm d:flex@sm ai:center pos:relative \">\n\n                  <div class=\"w:50%@sm mr:30px@sm\">\n            <img decoding=\"async\" class=\"w:100% va:middle bdrs:15px\" src=\"https:\/\/degertauto.com\/wp-content\/uploads\/2023\/09\/DSC_0108.jpg\" alt=\"\">\n          <\/div>\n        \n        <div class=\"wil-timeline__content w:50%@sm ml:30px@sm\">\n                      <div class=\"wil-timeline__time fz:pfs(40px,80px) timeTypo c:#eee lts:1px fw:700!\" style=\"\">\n              <span>2017<\/span>\n            <\/div>\n                    <div class=\"pos:absolute z:9 t:50% r:-44px@+md l:50%@md trf:translate(-50%,-50%)_rotate(45deg) w:16px h:16px bgc:#fff c:#eee bd:2px_solid_currentcolor\" style=\"\"><\/div>\n                      <h2 class=\"wil-timeline__title titleTypo m:0 fz:pfs(22px,26px) lts:1px fw:600!\" style=\"\">Magasin \u00e0 Shkoder<\/h2>\n                                <div class=\"wil-timeline__text textTypo mt:10px op:0.8 fz:15px c:#444\" style=\"\">2017 marque un autre succ\u00e8s de notre entreprise. Et ce encore \u00e0 l'ouverture d'un autre magasin suivant, maintenant pour r\u00e9pondre aux besoins des clients dans la ville de Shkodra et les zones environnantes. Cela prouve que Degert Auto sh.a sera encore plus grand, encore plus qualitatif, et encore plus performant. Nous visons \u00e0 augmenter la capacit\u00e9, augmenter le nombre d'employ\u00e9s et \u00e9tendre le r\u00e9seau dans tous les centres du pays et \u00e0 l'ext\u00e9rieur des fronti\u00e8res.<\/div>\n                            <\/div>\n      <\/div>\n      <div class=\"pos:absolute t:0 r:12px r:50%@sm w:2px h:100% mr:-1px bgc:#eee bdrs:2px\" style=\"\"><\/div>\n    <\/div>\n                                  <div class=\"wil-timeline pos:relative ov:hidden maw:860px m:auto d:flex c:#000 lh:1.5 jc:flex-end@sm\">\n      <div class=\"wil-timeline__inner m:20px_0 mr:40px@+sm d:flex@sm ai:center pos:relative flf:row-reverse\">\n\n                  <div class=\"w:50%@sm ml:30px@sm\">\n            <img decoding=\"async\" class=\"w:100% va:middle bdrs:15px\" src=\"https:\/\/degertauto.com\/wp-content\/uploads\/2023\/09\/dyqani-fier-1.jpg\" alt=\"\">\n          <\/div>\n        \n        <div class=\"wil-timeline__content w:50%@sm mr:30px@sm ta:right@sm\">\n                      <div class=\"wil-timeline__time fz:pfs(40px,80px) timeTypo c:#eee lts:1px fw:700!\" style=\"\">\n              <span>2016<\/span>\n            <\/div>\n                    <div class=\"pos:absolute z:9 t:50% r:-44px@+md l:50%@md trf:translate(-50%,-50%)_rotate(45deg) w:16px h:16px bgc:#fff c:#eee bd:2px_solid_currentcolor\" style=\"\"><\/div>\n                      <h2 class=\"wil-timeline__title titleTypo m:0 fz:pfs(22px,26px) lts:1px fw:600!\" style=\"\">Magasin \u00e0 Fier<\/h2>\n                                <div class=\"wil-timeline__text textTypo mt:10px op:0.8 fz:15px c:#444\" style=\"\">Maintenant Degert Auto sh.a a grandi et s'est transform\u00e9e en une entreprise moderne avec plus de 50 travailleurs qualifi\u00e9s qui ex\u00e9cutent avec succ\u00e8s leurs travaux et t\u00e2ches dans des installations modernes (plus de 4000 m\u00e8tres carr\u00e9s) comme dans la vente de pi\u00e8ces automobiles ( maintenant avec plus de 50000 articles) ainsi que de les stocker avec des conditions contemporaines. Le client est fourni avec les pi\u00e8ces d'origine, le service de qualit\u00e9 et les meilleurs prix sur le march\u00e9.Tout cela avec un personnel professionnel et une gestion r\u00e9ussie de l'entreprise.<\/div>\n                            <\/div>\n      <\/div>\n      <div class=\"pos:absolute t:0 r:12px r:50%@sm w:2px h:100% mr:-1px bgc:#eee bdrs:2px\" style=\"\"><\/div>\n    <\/div>\n                                  <div class=\"wil-timeline pos:relative ov:hidden maw:860px m:auto d:flex c:#000 lh:1.5 \">\n      <div class=\"wil-timeline__inner m:20px_0 mr:40px@+sm d:flex@sm ai:center pos:relative \">\n\n                  <div class=\"w:50%@sm mr:30px@sm\">\n            <img decoding=\"async\" class=\"w:100% va:middle bdrs:15px\" src=\"https:\/\/degertauto.com\/wp-content\/uploads\/2023\/09\/dyqani-durres.jpg\" alt=\"\">\n          <\/div>\n        \n        <div class=\"wil-timeline__content w:50%@sm ml:30px@sm\">\n                      <div class=\"wil-timeline__time fz:pfs(40px,80px) timeTypo c:#eee lts:1px fw:700!\" style=\"\">\n              <span>2015<\/span>\n            <\/div>\n                    <div class=\"pos:absolute z:9 t:50% r:-44px@+md l:50%@md trf:translate(-50%,-50%)_rotate(45deg) w:16px h:16px bgc:#fff c:#eee bd:2px_solid_currentcolor\" style=\"\"><\/div>\n                      <h2 class=\"wil-timeline__title titleTypo m:0 fz:pfs(22px,26px) lts:1px fw:600!\" style=\"\">Magasin \u00e0 Durres<\/h2>\n                                <div class=\"wil-timeline__text textTypo mt:10px op:0.8 fz:15px c:#444\" style=\"\">Au cours de ces ann\u00e9es, notre soci\u00e9t\u00e9 a \u00e9t\u00e9 caract\u00e9ris\u00e9e par un d\u00e9veloppement normal et une croissance sans paresse et des d\u00e9veloppements spectaculaires, ce qui est un bon exemple de circonstances rares et les circonstances de sa croissance au fil des ans. L'ouverture du magasin dans la ville de Durres d\u00e9montre le mieux ce succ\u00e8s anticip\u00e9<\/div>\n                            <\/div>\n      <\/div>\n      <div class=\"pos:absolute t:0 r:12px r:50%@sm w:2px h:100% mr:-1px bgc:#eee bdrs:2px\" style=\"\"><\/div>\n    <\/div>\n                                  <div class=\"wil-timeline pos:relative ov:hidden maw:860px m:auto d:flex c:#000 lh:1.5 jc:flex-end@sm\">\n      <div class=\"wil-timeline__inner m:20px_0 mr:40px@+sm d:flex@sm ai:center pos:relative flf:row-reverse\">\n\n                  <div class=\"w:50%@sm ml:30px@sm\">\n            <img decoding=\"async\" class=\"w:100% va:middle bdrs:15px\" src=\"https:\/\/degertauto.com\/wp-content\/uploads\/2023\/09\/historiku-foto-magazina.jpg\" alt=\"\">\n          <\/div>\n        \n        <div class=\"wil-timeline__content w:50%@sm mr:30px@sm ta:right@sm\">\n                      <div class=\"wil-timeline__time fz:pfs(40px,80px) timeTypo c:#eee lts:1px fw:700!\" style=\"\">\n              <span>2012<\/span>\n            <\/div>\n                    <div class=\"pos:absolute z:9 t:50% r:-44px@+md l:50%@md trf:translate(-50%,-50%)_rotate(45deg) w:16px h:16px bgc:#fff c:#eee bd:2px_solid_currentcolor\" style=\"\"><\/div>\n                      <h2 class=\"wil-timeline__title titleTypo m:0 fz:pfs(22px,26px) lts:1px fw:600!\" style=\"\">Entrep\u00f4t central Berxulle<\/h2>\n                                <div class=\"wil-timeline__text textTypo mt:10px op:0.8 fz:15px c:#444\" style=\"\">L'ajout rapide au nombre d'articles de pr\u00e8s de 30000-40000 articles, a amen\u00e9 le besoin de leur stockage dans un espace plus grand en conformit\u00e9 avec les normes requises. Nous avons donc r\u00e9alis\u00e9 la cr\u00e9ation d'un magazine moderne et g\u00e9ant par sa taille.<\/div>\n                            <\/div>\n      <\/div>\n      <div class=\"pos:absolute t:0 r:12px r:50%@sm w:2px h:100% mr:-1px bgc:#eee bdrs:2px\" style=\"\"><\/div>\n    <\/div>\n                                  <div class=\"wil-timeline pos:relative ov:hidden maw:860px m:auto d:flex c:#000 lh:1.5 \">\n      <div class=\"wil-timeline__inner m:20px_0 mr:40px@+sm d:flex@sm ai:center pos:relative \">\n\n                  <div class=\"w:50%@sm mr:30px@sm\">\n            <img decoding=\"async\" class=\"w:100% va:middle bdrs:15px\" src=\"https:\/\/degertauto.com\/wp-content\/uploads\/2023\/09\/historiku-marka.jpg\" alt=\"\">\n          <\/div>\n        \n        <div class=\"wil-timeline__content w:50%@sm ml:30px@sm\">\n                    <div class=\"pos:absolute z:9 t:50% r:-44px@+md l:50%@md trf:translate(-50%,-50%)_rotate(45deg) w:16px h:16px bgc:#fff c:#eee bd:2px_solid_currentcolor\" style=\"\"><\/div>\n                      <h2 class=\"wil-timeline__title titleTypo m:0 fz:pfs(22px,26px) lts:1px fw:600!\" style=\"\">2008 - 2010<\/h2>\n                                <div class=\"wil-timeline__text textTypo mt:10px op:0.8 fz:15px c:#444\" style=\"\">Ce sont les ann\u00e9es les plus productives de l'entreprise. Une coop\u00e9ration fructueuse avec les entreprises les plus prestigieuses dans le domaine des pi\u00e8ces de rechange de v\u00e9hicules a permis la r\u00e9alisation de contrats exclusifs de produits, qui auraient comme repr\u00e9sentant pour l'Albanie, Degert Auto sha. Parmi ces marques prestigieuses vaut la peine de mentionner: Brembo Parts, Jurid, Mahle, Meletti,Nrf,Hutchinson,Elring,Sidem,Sampa,Pe Original,Depoautolamp,Alkar,Airtex.<\/div>\n                            <\/div>\n      <\/div>\n      <div class=\"pos:absolute t:0 r:12px r:50%@sm w:2px h:100% mr:-1px bgc:#eee bdrs:2px\" style=\"\"><\/div>\n    <\/div>\n                                  <div class=\"wil-timeline pos:relative ov:hidden maw:860px m:auto d:flex c:#000 lh:1.5 jc:flex-end@sm\">\n      <div class=\"wil-timeline__inner m:20px_0 mr:40px@+sm d:flex@sm ai:center pos:relative flf:row-reverse\">\n\n                  <div class=\"w:50%@sm ml:30px@sm\">\n            <img decoding=\"async\" class=\"w:100% va:middle bdrs:15px\" src=\"https:\/\/degertauto.com\/wp-content\/uploads\/2023\/09\/dyqani-lac.jpg\" alt=\"\">\n          <\/div>\n        \n        <div class=\"wil-timeline__content w:50%@sm mr:30px@sm ta:right@sm\">\n                      <div class=\"wil-timeline__time fz:pfs(40px,80px) timeTypo c:#eee lts:1px fw:700!\" style=\"\">\n              <span>2007<\/span>\n            <\/div>\n                    <div class=\"pos:absolute z:9 t:50% r:-44px@+md l:50%@md trf:translate(-50%,-50%)_rotate(45deg) w:16px h:16px bgc:#fff c:#eee bd:2px_solid_currentcolor\" style=\"\"><\/div>\n                      <h2 class=\"wil-timeline__title titleTypo m:0 fz:pfs(22px,26px) lts:1px fw:600!\" style=\"\">Magasin \u00e0 Lac<\/h2>\n                                <div class=\"wil-timeline__text textTypo mt:10px op:0.8 fz:15px c:#444\" style=\"\">Cette ann\u00e9e marque une autre r\u00e9ussite pour l'entreprise. C'est l'ann\u00e9e o\u00f9 nous avons r\u00e9ussi \u00e0 transformer notre premier magasin dans la ville de Lac, o\u00f9 nous avons commence tout dans la zone la plus belle et la plus recherch\u00e9 . Nous avons r\u00e9alis\u00e9 un b\u00e2timent moderne, de l'infrastructure, avec de l'\u00e9clairage et du confort. Entrep\u00f4t de milliers de produits, maintenant est r\u00e9alis\u00e9 avec des conditions contemporaines.<\/div>\n                            <\/div>\n      <\/div>\n      <div class=\"pos:absolute t:0 r:12px r:50%@sm w:2px h:100% mr:-1px bgc:#eee bdrs:2px\" style=\"\"><\/div>\n    <\/div>\n                                  <div class=\"wil-timeline pos:relative ov:hidden maw:860px m:auto d:flex c:#000 lh:1.5 \">\n      <div class=\"wil-timeline__inner m:20px_0 mr:40px@+sm d:flex@sm ai:center pos:relative \">\n\n                  <div class=\"w:50%@sm mr:30px@sm\">\n            <img decoding=\"async\" class=\"w:100% va:middle bdrs:15px\" src=\"https:\/\/degertauto.com\/wp-content\/uploads\/2023\/09\/historiku-PROFI-CAR.jpg\" alt=\"\">\n          <\/div>\n        \n        <div class=\"wil-timeline__content w:50%@sm ml:30px@sm\">\n                      <div class=\"wil-timeline__time fz:pfs(40px,80px) timeTypo c:#eee lts:1px fw:700!\" style=\"\">\n              <span>2005<\/span>\n            <\/div>\n                    <div class=\"pos:absolute z:9 t:50% r:-44px@+md l:50%@md trf:translate(-50%,-50%)_rotate(45deg) w:16px h:16px bgc:#fff c:#eee bd:2px_solid_currentcolor\" style=\"\"><\/div>\n                      <h2 class=\"wil-timeline__title titleTypo m:0 fz:pfs(22px,26px) lts:1px fw:600!\" style=\"\">Profi-Car<\/h2>\n                                <div class=\"wil-timeline__text textTypo mt:10px op:0.8 fz:15px c:#444\" style=\"\">La plupart de nos produits sont fabriqu\u00e9s par les entreprises allemandes les plus renomm\u00e9es dans le domaine des pi\u00e8ces d\u00e9tach\u00e9es de v\u00e9hicules, dont beaucoup sont leaders dans ce secteur depuis des d\u00e9cennies et commercialisent leurs produits dans le monde entier. Une de ces entreprises \u00e0 succ\u00e8s est Profi-Car, qui vient pour la premi\u00e8re fois en Albanie par notre soci\u00e9t\u00e9, avec une large gamme de produits tels que: huiles moteur, bo\u00eete de vitesses et diff\u00e9rentiel pour voitures et camions, additifs, produits pour les soins automobiles, l'antigel, le pare-brise et de nombreux autres produits.<\/div>\n                            <\/div>\n      <\/div>\n      <div class=\"pos:absolute t:0 r:12px r:50%@sm w:2px h:100% mr:-1px bgc:#eee bdrs:2px\" style=\"\"><\/div>\n    <\/div>\n                                  <div class=\"wil-timeline pos:relative ov:hidden maw:860px m:auto d:flex c:#000 lh:1.5 jc:flex-end@sm\">\n      <div class=\"wil-timeline__inner m:20px_0 mr:40px@+sm d:flex@sm ai:center pos:relative flf:row-reverse\">\n\n                  <div class=\"w:50%@sm ml:30px@sm\">\n            <img decoding=\"async\" class=\"w:100% va:middle bdrs:15px\" src=\"https:\/\/degertauto.com\/wp-content\/uploads\/2023\/09\/dyqani-tirane.jpg\" alt=\"\">\n          <\/div>\n        \n        <div class=\"wil-timeline__content w:50%@sm mr:30px@sm ta:right@sm\">\n                      <div class=\"wil-timeline__time fz:pfs(40px,80px) timeTypo c:#eee lts:1px fw:700!\" style=\"\">\n              <span>2002<\/span>\n            <\/div>\n                    <div class=\"pos:absolute z:9 t:50% r:-44px@+md l:50%@md trf:translate(-50%,-50%)_rotate(45deg) w:16px h:16px bgc:#fff c:#eee bd:2px_solid_currentcolor\" style=\"\"><\/div>\n                      <h2 class=\"wil-timeline__title titleTypo m:0 fz:pfs(22px,26px) lts:1px fw:600!\" style=\"\">Magasin \u00e0 Tirana<\/h2>\n                                <div class=\"wil-timeline__text textTypo mt:10px op:0.8 fz:15px c:#444\" style=\"\">Bien qu'avec un capital initial tr\u00e8s modeste, la combinaison du travail professionnel par le personnel, avec la qualit\u00e9 et les nombreuses ann\u00e9es d'exp\u00e9rience de nos fournisseurs allemands et europ\u00e9ens, nous ont permis de finaliser l'ouverture de notre deuxi\u00e8me magasin avec adresse \u00e0 \u201cBlloku Gintash\u201d dans la capitale, d\u2019\u00eatre proche des demandes des clients.<\/div>\n                            <\/div>\n      <\/div>\n      <div class=\"pos:absolute t:0 r:12px r:50%@sm w:2px h:100% mr:-1px bgc:#eee bdrs:2px\" style=\"\"><\/div>\n    <\/div>\n                                  <div class=\"wil-timeline pos:relative ov:hidden maw:860px m:auto d:flex c:#000 lh:1.5 \">\n      <div class=\"wil-timeline__inner m:20px_0 mr:40px@+sm d:flex@sm ai:center pos:relative \">\n\n                  <div class=\"w:50%@sm mr:30px@sm\">\n            <img decoding=\"async\" class=\"w:100% va:middle bdrs:15px\" src=\"https:\/\/degertauto.com\/wp-content\/uploads\/2023\/09\/historiku-foto-dyqani-lac.jpg\" alt=\"\">\n          <\/div>\n        \n        <div class=\"wil-timeline__content w:50%@sm ml:30px@sm\">\n                      <div class=\"wil-timeline__time fz:pfs(40px,80px) timeTypo c:#eee lts:1px fw:700!\" style=\"\">\n              <span>1994<\/span>\n            <\/div>\n                    <div class=\"pos:absolute z:9 t:50% r:-44px@+md l:50%@md trf:translate(-50%,-50%)_rotate(45deg) w:16px h:16px bgc:#fff c:#eee bd:2px_solid_currentcolor\" style=\"\"><\/div>\n                      <h2 class=\"wil-timeline__title titleTypo m:0 fz:pfs(22px,26px) lts:1px fw:600!\" style=\"\">Le d\u00e9but<\/h2>\n                                <div class=\"wil-timeline__text textTypo mt:10px op:0.8 fz:15px c:#444\" style=\"\">Degert Auto sh.a a commenc\u00e9 le voyage en Janvier de cette ann\u00e9e, avec un \u00e9picentre dans la ville de Lac, en tant que soci\u00e9t\u00e9 avec la direction principale du commerce des pi\u00e8ces de rechange pour les voitures et les camions . Avec environ 4 employ\u00e9s et peu de moyens financiers, mais avec la volont\u00e9 et le d\u00e9sir de travailler et de r\u00e9ussir, et une vision claire du fondateur Luan Turja.<\/div>\n                            <\/div>\n      <\/div>\n      <div class=\"pos:absolute t:0 r:12px r:50%@sm w:2px h:100% mr:-1px bgc:#eee bdrs:2px\" style=\"\"><\/div>\n    <\/div>\n  <\/div>\n\n\t\t<\/div>\n\t\t\t\t<\/div>\n\t\t\t\t\t<\/div>\n\t\t\t\t<\/div>\n\t\t\t\t\t\t\t<\/div>\n\t\t","protected":false},"excerpt":{"rendered":"<p>En arri\u00e8re ARRI\u00c8RE-PLAN 30 ANS \u00c0 TES C\u00d4T\u00c9S Degert Auto SA, \u00e7a a eu ses modestes d\u00e9buts en 1994 dans la ville de La\u00e7, une activit\u00e9 avec une orientation principale dans le domaine du commerce de pi\u00e8ces de rechange qui s\u2019est consolid\u00e9e et am\u00e9lior\u00e9e au fil du temps, r\u00e9ussissant \u00e0 devenir l\u2019une des soci\u00e9t\u00e9s leaders [&hellip;]<\/p>\n","protected":false},"author":1,"featured_media":0,"parent":0,"menu_order":0,"comment_status":"closed","ping_status":"closed","template":"elementor_header_footer","meta":{"footnotes":""},"class_list":["post-7376","page","type-page","status-publish","hentry"],"acf":[],"_links":{"self":[{"href":"https:\/\/degertauto.com\/fr\/wp-json\/wp\/v2\/pages\/7376","targetHints":{"allow":["GET"]}}],"collection":[{"href":"https:\/\/degertauto.com\/fr\/wp-json\/wp\/v2\/pages"}],"about":[{"href":"https:\/\/degertauto.com\/fr\/wp-json\/wp\/v2\/types\/page"}],"author":[{"embeddable":true,"href":"https:\/\/degertauto.com\/fr\/wp-json\/wp\/v2\/users\/1"}],"replies":[{"embeddable":true,"href":"https:\/\/degertauto.com\/fr\/wp-json\/wp\/v2\/comments?post=7376"}],"version-history":[{"count":22,"href":"https:\/\/degertauto.com\/fr\/wp-json\/wp\/v2\/pages\/7376\/revisions"}],"predecessor-version":[{"id":9397,"href":"https:\/\/degertauto.com\/fr\/wp-json\/wp\/v2\/pages\/7376\/revisions\/9397"}],"wp:attachment":[{"href":"https:\/\/degertauto.com\/fr\/wp-json\/wp\/v2\/media?parent=7376"}],"curies":[{"name":"wp","href":"https:\/\/api.w.org\/{rel}","templated":true}]}}