{"id":6742,"date":"2023-09-01T10:42:02","date_gmt":"2023-09-01T10:42:02","guid":{"rendered":"https:\/\/degertauto.web-devtesting.xyz\/evente\/"},"modified":"2023-12-13T09:49:59","modified_gmt":"2023-12-13T09:49:59","slug":"eventi","status":"publish","type":"page","link":"https:\/\/degertauto.com\/it\/eventi\/","title":{"rendered":"Eventi"},"content":{"rendered":"\t\t<div data-elementor-type=\"wp-page\" data-elementor-id=\"6742\" class=\"elementor elementor-6742 elementor-1336\">\n\t\t\t\t\t\t\t<div class=\"elementor-element elementor-element-e078ce7 e-flex e-con-boxed e-con\" data-id=\"e078ce7\" data-element_type=\"container\" data-settings=\"{&quot;background_background&quot;:&quot;classic&quot;,&quot;content_width&quot;:&quot;boxed&quot;}\">\n\t\t\t\t\t<div class=\"e-con-inner\">\n\t\t\t\t\t<\/div>\n\t\t\t\t<\/div>\n\t\t<div class=\"elementor-element elementor-element-651ed19 e-flex e-con-boxed e-con\" data-id=\"651ed19\" data-element_type=\"container\" data-settings=\"{&quot;background_background&quot;:&quot;classic&quot;,&quot;content_width&quot;:&quot;boxed&quot;}\">\n\t\t\t\t\t<div class=\"e-con-inner\">\n\t\t<div class=\"elementor-element elementor-element-b84fb41 e-con-full e-flex e-con\" data-id=\"b84fb41\" data-element_type=\"container\" data-settings=\"{&quot;content_width&quot;:&quot;full&quot;}\">\n\t\t<div class=\"elementor-element elementor-element-4765de1 e-con-full box-event-degert e-flex e-con\" data-id=\"4765de1\" data-element_type=\"container\" data-settings=\"{&quot;content_width&quot;:&quot;full&quot;}\">\n\t\t\t\t<div class=\"elementor-element elementor-element-2ee6b01 elementor-widget elementor-widget-heading\" data-id=\"2ee6b01\" data-element_type=\"widget\" data-widget_type=\"heading.default\">\n\t\t\t\t<div class=\"elementor-widget-container\">\n\t\t\t<style>\/*! elementor - v3.15.0 - 09-08-2023 *\/\n.elementor-heading-title{padding:0;margin:0;line-height:1}.elementor-widget-heading .elementor-heading-title[class*=elementor-size-]>a{color:inherit;font-size:inherit;line-height:inherit}.elementor-widget-heading .elementor-heading-title.elementor-size-small{font-size:15px}.elementor-widget-heading .elementor-heading-title.elementor-size-medium{font-size:19px}.elementor-widget-heading .elementor-heading-title.elementor-size-large{font-size:29px}.elementor-widget-heading .elementor-heading-title.elementor-size-xl{font-size:39px}.elementor-widget-heading .elementor-heading-title.elementor-size-xxl{font-size:59px}<\/style><h2 class=\"elementor-heading-title elementor-size-default\">EVENTI DEL PERSONALE<\/h2>\t\t<\/div>\n\t\t\t\t<\/div>\n\t\t<div class=\"elementor-element elementor-element-8b2dc4b box-event-degert-inner e-flex e-con-boxed e-con\" data-id=\"8b2dc4b\" data-element_type=\"container\" data-settings=\"{&quot;background_background&quot;:&quot;classic&quot;,&quot;content_width&quot;:&quot;boxed&quot;}\">\n\t\t\t\t\t<div class=\"e-con-inner\">\n\t\t\t\t<div class=\"elementor-element elementor-element-c3caa7a image-cat-event elementor-widget elementor-widget-image\" data-id=\"c3caa7a\" data-element_type=\"widget\" data-widget_type=\"image.default\">\n\t\t\t\t<div class=\"elementor-widget-container\">\n\t\t\t<style>\/*! elementor - v3.15.0 - 09-08-2023 *\/\n.elementor-widget-image{text-align:center}.elementor-widget-image a{display:inline-block}.elementor-widget-image a img[src$=\".svg\"]{width:48px}.elementor-widget-image img{vertical-align:middle;display:inline-block}<\/style>\t\t\t\t\t\t\t\t\t\t\t\t\t<a href=\"\/it\/category\/eventi-del-personale\/\">\n\t\t\t\t\t\t\t<img loading=\"lazy\" decoding=\"async\" width=\"1020\" height=\"766\" src=\"https:\/\/degertauto.com\/wp-content\/uploads\/2023\/10\/staff-events.png\" class=\"attachment-full size-full wp-image-5517\" alt=\"\" srcset=\"https:\/\/degertauto.com\/wp-content\/uploads\/2023\/10\/staff-events.png 1020w, https:\/\/degertauto.com\/wp-content\/uploads\/2023\/10\/staff-events-300x225.png 300w, https:\/\/degertauto.com\/wp-content\/uploads\/2023\/10\/staff-events-768x577.png 768w\" sizes=\"auto, (max-width: 1020px) 100vw, 1020px\" \/>\t\t\t\t\t\t\t\t<\/a>\n\t\t\t\t\t\t\t\t\t\t\t\t\t\t\t<\/div>\n\t\t\t\t<\/div>\n\t\t\t\t<div class=\"elementor-element elementor-element-0f3343b elementor-align-center elementor-widget elementor-widget-button\" data-id=\"0f3343b\" data-element_type=\"widget\" data-widget_type=\"button.default\">\n\t\t\t\t<div class=\"elementor-widget-container\">\n\t\t\t\t\t<div class=\"elementor-button-wrapper\">\n\t\t\t<a class=\"elementor-button elementor-button-link elementor-size-sm\" href=\"\/it\/category\/eventi-del-personale\/\">\n\t\t\t\t\t\t<span class=\"elementor-button-content-wrapper\">\n\t\t\t\t\t\t<span class=\"elementor-button-icon elementor-align-icon-right\">\n\t\t\t\t<i aria-hidden=\"true\" class=\"fas fa-angle-right\"><\/i>\t\t\t<\/span>\n\t\t\t\t\t\t<span class=\"elementor-button-text\">Scopri di pi\u00f9<\/span>\n\t\t<\/span>\n\t\t\t\t\t<\/a>\n\t\t<\/div>\n\t\t\t\t<\/div>\n\t\t\t\t<\/div>\n\t\t\t\t\t<\/div>\n\t\t\t\t<\/div>\n\t\t\t\t<\/div>\n\t\t<div class=\"elementor-element elementor-element-19f0aa2 e-con-full box-event-degert e-flex e-con\" data-id=\"19f0aa2\" data-element_type=\"container\" data-settings=\"{&quot;content_width&quot;:&quot;full&quot;}\">\n\t\t\t\t<div class=\"elementor-element elementor-element-11b8694 elementor-widget elementor-widget-heading\" data-id=\"11b8694\" data-element_type=\"widget\" data-widget_type=\"heading.default\">\n\t\t\t\t<div class=\"elementor-widget-container\">\n\t\t\t<h2 class=\"elementor-heading-title elementor-size-default\">INAUGURAZIONI<\/h2>\t\t<\/div>\n\t\t\t\t<\/div>\n\t\t<div class=\"elementor-element elementor-element-7cef56e box-event-degert-inner e-flex e-con-boxed e-con\" data-id=\"7cef56e\" data-element_type=\"container\" data-settings=\"{&quot;background_background&quot;:&quot;classic&quot;,&quot;content_width&quot;:&quot;boxed&quot;}\">\n\t\t\t\t\t<div class=\"e-con-inner\">\n\t\t\t\t<div class=\"elementor-element elementor-element-2d963a8 image-cat-event elementor-widget elementor-widget-image\" data-id=\"2d963a8\" data-element_type=\"widget\" data-widget_type=\"image.default\">\n\t\t\t\t<div class=\"elementor-widget-container\">\n\t\t\t\t\t\t\t\t\t\t\t\t\t\t\t\t<a href=\"\/it\/category\/inaugurazioni\/\">\n\t\t\t\t\t\t\t<img loading=\"lazy\" decoding=\"async\" width=\"1000\" height=\"667\" src=\"https:\/\/degertauto.com\/wp-content\/uploads\/2023\/09\/kush-jemi1.jpg\" class=\"attachment-full size-full wp-image-4481\" alt=\"\" srcset=\"https:\/\/degertauto.com\/wp-content\/uploads\/2023\/09\/kush-jemi1.jpg 1000w, https:\/\/degertauto.com\/wp-content\/uploads\/2023\/09\/kush-jemi1-300x200.jpg 300w, https:\/\/degertauto.com\/wp-content\/uploads\/2023\/09\/kush-jemi1-768x512.jpg 768w\" sizes=\"auto, (max-width: 1000px) 100vw, 1000px\" \/>\t\t\t\t\t\t\t\t<\/a>\n\t\t\t\t\t\t\t\t\t\t\t\t\t\t\t<\/div>\n\t\t\t\t<\/div>\n\t\t\t\t<div class=\"elementor-element elementor-element-6aaa967 elementor-align-center elementor-widget elementor-widget-button\" data-id=\"6aaa967\" data-element_type=\"widget\" data-widget_type=\"button.default\">\n\t\t\t\t<div class=\"elementor-widget-container\">\n\t\t\t\t\t<div class=\"elementor-button-wrapper\">\n\t\t\t<a class=\"elementor-button elementor-button-link elementor-size-sm\" href=\"\/it\/category\/inaugurazioni\/\">\n\t\t\t\t\t\t<span class=\"elementor-button-content-wrapper\">\n\t\t\t\t\t\t<span class=\"elementor-button-icon elementor-align-icon-right\">\n\t\t\t\t<i aria-hidden=\"true\" class=\"fas fa-angle-right\"><\/i>\t\t\t<\/span>\n\t\t\t\t\t\t<span class=\"elementor-button-text\">Scopri di pi\u00f9<\/span>\n\t\t<\/span>\n\t\t\t\t\t<\/a>\n\t\t<\/div>\n\t\t\t\t<\/div>\n\t\t\t\t<\/div>\n\t\t\t\t\t<\/div>\n\t\t\t\t<\/div>\n\t\t\t\t<\/div>\n\t\t<div class=\"elementor-element elementor-element-6bf0878 e-con-full box-event-degert e-flex e-con\" data-id=\"6bf0878\" data-element_type=\"container\" data-settings=\"{&quot;content_width&quot;:&quot;full&quot;}\">\n\t\t\t\t<div class=\"elementor-element elementor-element-7fb8440 elementor-widget elementor-widget-heading\" data-id=\"7fb8440\" data-element_type=\"widget\" data-widget_type=\"heading.default\">\n\t\t\t\t<div class=\"elementor-widget-container\">\n\t\t\t<h2 class=\"elementor-heading-title elementor-size-default\">PARTECIPAZIONE A FIERE<\/h2>\t\t<\/div>\n\t\t\t\t<\/div>\n\t\t<div class=\"elementor-element elementor-element-fa4fa5d box-event-degert-inner e-flex e-con-boxed e-con\" data-id=\"fa4fa5d\" data-element_type=\"container\" data-settings=\"{&quot;background_background&quot;:&quot;classic&quot;,&quot;content_width&quot;:&quot;boxed&quot;}\">\n\t\t\t\t\t<div class=\"e-con-inner\">\n\t\t\t\t<div class=\"elementor-element elementor-element-5dfc45b image-cat-event elementor-widget elementor-widget-image\" data-id=\"5dfc45b\" data-element_type=\"widget\" data-widget_type=\"image.default\">\n\t\t\t\t<div class=\"elementor-widget-container\">\n\t\t\t\t\t\t\t\t\t\t\t\t\t\t\t\t<a href=\"\/it\/category\/partecipazione-a-fiere\/\">\n\t\t\t\t\t\t\t<img loading=\"lazy\" decoding=\"async\" width=\"1280\" height=\"853\" src=\"https:\/\/degertauto.com\/wp-content\/uploads\/2023\/08\/GDGW6872.jpg\" class=\"attachment-full size-full wp-image-4533\" alt=\"\" srcset=\"https:\/\/degertauto.com\/wp-content\/uploads\/2023\/08\/GDGW6872.jpg 1280w, https:\/\/degertauto.com\/wp-content\/uploads\/2023\/08\/GDGW6872-300x200.jpg 300w, https:\/\/degertauto.com\/wp-content\/uploads\/2023\/08\/GDGW6872-1024x682.jpg 1024w, https:\/\/degertauto.com\/wp-content\/uploads\/2023\/08\/GDGW6872-768x512.jpg 768w\" sizes=\"auto, (max-width: 1280px) 100vw, 1280px\" \/>\t\t\t\t\t\t\t\t<\/a>\n\t\t\t\t\t\t\t\t\t\t\t\t\t\t\t<\/div>\n\t\t\t\t<\/div>\n\t\t\t\t<div class=\"elementor-element elementor-element-196b597 elementor-align-center elementor-widget elementor-widget-button\" data-id=\"196b597\" data-element_type=\"widget\" data-widget_type=\"button.default\">\n\t\t\t\t<div class=\"elementor-widget-container\">\n\t\t\t\t\t<div class=\"elementor-button-wrapper\">\n\t\t\t<a class=\"elementor-button elementor-button-link elementor-size-sm\" href=\"\/it\/category\/partecipazione-a-fiere\/\">\n\t\t\t\t\t\t<span class=\"elementor-button-content-wrapper\">\n\t\t\t\t\t\t<span class=\"elementor-button-icon elementor-align-icon-right\">\n\t\t\t\t<i aria-hidden=\"true\" class=\"fas fa-angle-right\"><\/i>\t\t\t<\/span>\n\t\t\t\t\t\t<span class=\"elementor-button-text\">Scopri di pi\u00f9<\/span>\n\t\t<\/span>\n\t\t\t\t\t<\/a>\n\t\t<\/div>\n\t\t\t\t<\/div>\n\t\t\t\t<\/div>\n\t\t\t\t\t<\/div>\n\t\t\t\t<\/div>\n\t\t\t\t<\/div>\n\t\t<div class=\"elementor-element elementor-element-c335138 e-con-full box-event-degert e-flex e-con\" data-id=\"c335138\" data-element_type=\"container\" data-settings=\"{&quot;content_width&quot;:&quot;full&quot;}\">\n\t\t\t\t<div class=\"elementor-element elementor-element-2afa778 elementor-widget elementor-widget-heading\" data-id=\"2afa778\" data-element_type=\"widget\" data-widget_type=\"heading.default\">\n\t\t\t\t<div class=\"elementor-widget-container\">\n\t\t\t<h2 class=\"elementor-heading-title elementor-size-default\">SEMINARI e FORMAZIONI<\/h2>\t\t<\/div>\n\t\t\t\t<\/div>\n\t\t<div class=\"elementor-element elementor-element-06c99dd box-event-degert-inner e-flex e-con-boxed e-con\" data-id=\"06c99dd\" data-element_type=\"container\" data-settings=\"{&quot;background_background&quot;:&quot;classic&quot;,&quot;content_width&quot;:&quot;boxed&quot;}\">\n\t\t\t\t\t<div class=\"e-con-inner\">\n\t\t\t\t<div class=\"elementor-element elementor-element-3f50de2 image-cat-event elementor-widget elementor-widget-image\" data-id=\"3f50de2\" data-element_type=\"widget\" data-widget_type=\"image.default\">\n\t\t\t\t<div class=\"elementor-widget-container\">\n\t\t\t\t\t\t\t\t\t\t\t\t\t\t\t\t<a href=\"\/it\/category\/seminari-e-formazioni\/\">\n\t\t\t\t\t\t\t<img loading=\"lazy\" decoding=\"async\" width=\"1020\" height=\"765\" src=\"https:\/\/degertauto.com\/wp-content\/uploads\/2023\/12\/Picture1.jpg\" class=\"attachment-full size-full wp-image-8348\" alt=\"\" srcset=\"https:\/\/degertauto.com\/wp-content\/uploads\/2023\/12\/Picture1.jpg 1020w, https:\/\/degertauto.com\/wp-content\/uploads\/2023\/12\/Picture1-300x225.jpg 300w, https:\/\/degertauto.com\/wp-content\/uploads\/2023\/12\/Picture1-768x576.jpg 768w\" sizes=\"auto, (max-width: 1020px) 100vw, 1020px\" \/>\t\t\t\t\t\t\t\t<\/a>\n\t\t\t\t\t\t\t\t\t\t\t\t\t\t\t<\/div>\n\t\t\t\t<\/div>\n\t\t\t\t<div class=\"elementor-element elementor-element-9d96e54 elementor-align-center elementor-widget elementor-widget-button\" data-id=\"9d96e54\" data-element_type=\"widget\" data-widget_type=\"button.default\">\n\t\t\t\t<div class=\"elementor-widget-container\">\n\t\t\t\t\t<div class=\"elementor-button-wrapper\">\n\t\t\t<a class=\"elementor-button elementor-button-link elementor-size-sm\" href=\"\/it\/category\/seminari-e-formazioni\/\">\n\t\t\t\t\t\t<span class=\"elementor-button-content-wrapper\">\n\t\t\t\t\t\t<span class=\"elementor-button-icon elementor-align-icon-right\">\n\t\t\t\t<i aria-hidden=\"true\" class=\"fas fa-angle-right\"><\/i>\t\t\t<\/span>\n\t\t\t\t\t\t<span class=\"elementor-button-text\">Scopri di pi\u00f9<\/span>\n\t\t<\/span>\n\t\t\t\t\t<\/a>\n\t\t<\/div>\n\t\t\t\t<\/div>\n\t\t\t\t<\/div>\n\t\t\t\t\t<\/div>\n\t\t\t\t<\/div>\n\t\t\t\t<\/div>\n\t\t\t\t<\/div>\n\t\t\t\t\t<\/div>\n\t\t\t\t<\/div>\n\t\t<div class=\"elementor-element elementor-element-e5addd7 evente-degert e-flex e-con-boxed e-con\" data-id=\"e5addd7\" data-element_type=\"container\" data-settings=\"{&quot;content_width&quot;:&quot;boxed&quot;}\">\n\t\t\t\t\t<div class=\"e-con-inner\">\n\t\t<div class=\"elementor-element elementor-element-7c9089a e-con-full e-flex e-con\" data-id=\"7c9089a\" data-element_type=\"container\" data-settings=\"{&quot;content_width&quot;:&quot;full&quot;}\">\n\t\t\t\t<div class=\"elementor-element elementor-element-18fd6eb elementor-grid-tablet-1 elementor-grid-4 event-post elementor-grid-mobile-1 elementor-posts--thumbnail-top elementor-posts__hover-gradient load-more-align-center elementor-widget elementor-widget-posts\" data-id=\"18fd6eb\" data-element_type=\"widget\" data-settings=\"{&quot;cards_columns_tablet&quot;:&quot;1&quot;,&quot;cards_columns&quot;:&quot;4&quot;,&quot;pagination_type&quot;:&quot;load_more_on_click&quot;,&quot;cards_columns_mobile&quot;:&quot;1&quot;,&quot;cards_row_gap&quot;:{&quot;unit&quot;:&quot;px&quot;,&quot;size&quot;:35,&quot;sizes&quot;:[]},&quot;cards_row_gap_tablet&quot;:{&quot;unit&quot;:&quot;px&quot;,&quot;size&quot;:&quot;&quot;,&quot;sizes&quot;:[]},&quot;cards_row_gap_mobile&quot;:{&quot;unit&quot;:&quot;px&quot;,&quot;size&quot;:&quot;&quot;,&quot;sizes&quot;:[]},&quot;load_more_spinner&quot;:{&quot;value&quot;:&quot;fas fa-spinner&quot;,&quot;library&quot;:&quot;fa-solid&quot;}}\" data-widget_type=\"posts.cards\">\n\t\t\t\t<div class=\"elementor-widget-container\">\n\t\t\t<link rel=\"stylesheet\" href=\"https:\/\/degertauto.com\/wp-content\/plugins\/elementor-pro\/assets\/css\/widget-posts.min.css\">\t\t<div class=\"elementor-posts-container elementor-posts elementor-posts--skin-cards elementor-grid\">\n\t\t\t\t<article class=\"elementor-post elementor-grid-item post-10478 post type-post status-publish format-standard has-post-thumbnail hentry category-partecipazione-a-fiere\">\n\t\t\t<div class=\"elementor-post__card\">\n\t\t\t\t<a class=\"elementor-post__thumbnail__link\" href=\"https:\/\/degertauto.com\/it\/30-anni-di-degert-2024\/\" ><div class=\"elementor-post__thumbnail\"><img loading=\"lazy\" decoding=\"async\" width=\"2457\" height=\"1639\" src=\"https:\/\/degertauto.com\/wp-content\/uploads\/2026\/04\/untitled-30-of-222.webp\" class=\"attachment-full size-full wp-image-10473\" alt=\"\" srcset=\"https:\/\/degertauto.com\/wp-content\/uploads\/2026\/04\/untitled-30-of-222.webp 2457w, https:\/\/degertauto.com\/wp-content\/uploads\/2026\/04\/untitled-30-of-222-300x200.webp 300w, https:\/\/degertauto.com\/wp-content\/uploads\/2026\/04\/untitled-30-of-222-1024x683.webp 1024w, https:\/\/degertauto.com\/wp-content\/uploads\/2026\/04\/untitled-30-of-222-768x512.webp 768w, https:\/\/degertauto.com\/wp-content\/uploads\/2026\/04\/untitled-30-of-222-1536x1025.webp 1536w, https:\/\/degertauto.com\/wp-content\/uploads\/2026\/04\/untitled-30-of-222-2048x1366.webp 2048w\" sizes=\"auto, (max-width: 2457px) 100vw, 2457px\" \/><\/div><\/a>\n\t\t\t\t<div class=\"elementor-post__badge\">Partecipazione a fiere<\/div>\n\t\t\t\t<div class=\"elementor-post__text\">\n\t\t\t\t<h3 class=\"elementor-post__title\">\n\t\t\t<a href=\"https:\/\/degertauto.com\/it\/30-anni-di-degert-2024\/\" >\n\t\t\t\t30 anni di DEGERT &#8211; 2024\t\t\t<\/a>\n\t\t<\/h3>\n\t\t\t\t<\/div>\n\t\t\t\t\t<\/div>\n\t\t<\/article>\n\t\t\t\t<article class=\"elementor-post elementor-grid-item post-10351 post type-post status-publish format-standard has-post-thumbnail hentry category-partecipazione-a-fiere\">\n\t\t\t<div class=\"elementor-post__card\">\n\t\t\t\t<a class=\"elementor-post__thumbnail__link\" href=\"https:\/\/degertauto.com\/it\/fiera-dei-pezzi-di-ricambio-2024\/\" ><div class=\"elementor-post__thumbnail\"><img loading=\"lazy\" decoding=\"async\" width=\"1680\" height=\"1120\" src=\"https:\/\/degertauto.com\/wp-content\/uploads\/2026\/04\/untitled-305-of-554.webp\" class=\"attachment-full size-full wp-image-10306\" alt=\"\" srcset=\"https:\/\/degertauto.com\/wp-content\/uploads\/2026\/04\/untitled-305-of-554.webp 1680w, https:\/\/degertauto.com\/wp-content\/uploads\/2026\/04\/untitled-305-of-554-300x200.webp 300w, https:\/\/degertauto.com\/wp-content\/uploads\/2026\/04\/untitled-305-of-554-1024x683.webp 1024w, https:\/\/degertauto.com\/wp-content\/uploads\/2026\/04\/untitled-305-of-554-768x512.webp 768w, https:\/\/degertauto.com\/wp-content\/uploads\/2026\/04\/untitled-305-of-554-1536x1024.webp 1536w\" sizes=\"auto, (max-width: 1680px) 100vw, 1680px\" \/><\/div><\/a>\n\t\t\t\t<div class=\"elementor-post__badge\">Partecipazione a fiere<\/div>\n\t\t\t\t<div class=\"elementor-post__text\">\n\t\t\t\t<h3 class=\"elementor-post__title\">\n\t\t\t<a href=\"https:\/\/degertauto.com\/it\/fiera-dei-pezzi-di-ricambio-2024\/\" >\n\t\t\t\tFiera dei pezzi di ricambio &#8211; 2024\t\t\t<\/a>\n\t\t<\/h3>\n\t\t\t\t<\/div>\n\t\t\t\t\t<\/div>\n\t\t<\/article>\n\t\t\t\t<article class=\"elementor-post elementor-grid-item post-8393 post type-post status-publish format-standard has-post-thumbnail hentry category-seminari-e-formazioni\">\n\t\t\t<div class=\"elementor-post__card\">\n\t\t\t\t<a class=\"elementor-post__thumbnail__link\" href=\"https:\/\/degertauto.com\/it\/partecipazione-e-formazione-presso-corteco-germania-ottobre-2023\/\" ><div class=\"elementor-post__thumbnail\"><img loading=\"lazy\" decoding=\"async\" width=\"1020\" height=\"765\" src=\"https:\/\/degertauto.com\/wp-content\/uploads\/2023\/12\/Picture1.jpg\" class=\"attachment-full size-full wp-image-8348\" alt=\"\" srcset=\"https:\/\/degertauto.com\/wp-content\/uploads\/2023\/12\/Picture1.jpg 1020w, https:\/\/degertauto.com\/wp-content\/uploads\/2023\/12\/Picture1-300x225.jpg 300w, https:\/\/degertauto.com\/wp-content\/uploads\/2023\/12\/Picture1-768x576.jpg 768w\" sizes=\"auto, (max-width: 1020px) 100vw, 1020px\" \/><\/div><\/a>\n\t\t\t\t<div class=\"elementor-post__badge\">Seminari e Formazioni<\/div>\n\t\t\t\t<div class=\"elementor-post__text\">\n\t\t\t\t<h3 class=\"elementor-post__title\">\n\t\t\t<a href=\"https:\/\/degertauto.com\/it\/partecipazione-e-formazione-presso-corteco-germania-ottobre-2023\/\" >\n\t\t\t\tPartecipazione e Formazione presso Corteco, Germania \u2013 Ottobre 2023\t\t\t<\/a>\n\t\t<\/h3>\n\t\t\t\t<\/div>\n\t\t\t\t\t<\/div>\n\t\t<\/article>\n\t\t\t\t<article class=\"elementor-post elementor-grid-item post-6956 post type-post status-publish format-standard has-post-thumbnail hentry category-eventi-del-personale\">\n\t\t\t<div class=\"elementor-post__card\">\n\t\t\t\t<a class=\"elementor-post__thumbnail__link\" href=\"https:\/\/degertauto.com\/it\/fine-settimana-nelle-alpi-albanesi-valbona-settembre-2023\/\" ><div class=\"elementor-post__thumbnail\"><img loading=\"lazy\" decoding=\"async\" width=\"1020\" height=\"766\" src=\"https:\/\/degertauto.com\/wp-content\/uploads\/2023\/10\/fundjave-ne-alpet-shqipetare.png\" class=\"attachment-full size-full wp-image-5629\" alt=\"\" srcset=\"https:\/\/degertauto.com\/wp-content\/uploads\/2023\/10\/fundjave-ne-alpet-shqipetare.png 1020w, https:\/\/degertauto.com\/wp-content\/uploads\/2023\/10\/fundjave-ne-alpet-shqipetare-300x225.png 300w, https:\/\/degertauto.com\/wp-content\/uploads\/2023\/10\/fundjave-ne-alpet-shqipetare-768x577.png 768w\" sizes=\"auto, (max-width: 1020px) 100vw, 1020px\" \/><\/div><\/a>\n\t\t\t\t<div class=\"elementor-post__badge\">Eventi del personale<\/div>\n\t\t\t\t<div class=\"elementor-post__text\">\n\t\t\t\t<h3 class=\"elementor-post__title\">\n\t\t\t<a href=\"https:\/\/degertauto.com\/it\/fine-settimana-nelle-alpi-albanesi-valbona-settembre-2023\/\" >\n\t\t\t\tFine settimana nelle Alpi Albanesi &#8211; Valbona, Settembre 2023\t\t\t<\/a>\n\t\t<\/h3>\n\t\t\t\t<\/div>\n\t\t\t\t\t<\/div>\n\t\t<\/article>\n\t\t\t\t<article class=\"elementor-post elementor-grid-item post-7001 post type-post status-publish format-standard has-post-thumbnail hentry category-seminari-e-formazioni\">\n\t\t\t<div class=\"elementor-post__card\">\n\t\t\t\t<a class=\"elementor-post__thumbnail__link\" href=\"https:\/\/degertauto.com\/it\/partecipazione-e-formazione-presso-gruppo-zf-germania-agosto-2023\/\" ><div class=\"elementor-post__thumbnail\"><img loading=\"lazy\" decoding=\"async\" width=\"1280\" height=\"1088\" src=\"https:\/\/degertauto.com\/wp-content\/uploads\/2023\/10\/Pjesemarrje-e-drejtuesve-te-shitjeve-prane-ambienteve-te-GRUPIT-ZF-me-vendodhje-ne-Gjermani-Gusht-2023.png\" class=\"attachment-full size-full wp-image-5593\" alt=\"\" srcset=\"https:\/\/degertauto.com\/wp-content\/uploads\/2023\/10\/Pjesemarrje-e-drejtuesve-te-shitjeve-prane-ambienteve-te-GRUPIT-ZF-me-vendodhje-ne-Gjermani-Gusht-2023.png 1280w, https:\/\/degertauto.com\/wp-content\/uploads\/2023\/10\/Pjesemarrje-e-drejtuesve-te-shitjeve-prane-ambienteve-te-GRUPIT-ZF-me-vendodhje-ne-Gjermani-Gusht-2023-300x255.png 300w, https:\/\/degertauto.com\/wp-content\/uploads\/2023\/10\/Pjesemarrje-e-drejtuesve-te-shitjeve-prane-ambienteve-te-GRUPIT-ZF-me-vendodhje-ne-Gjermani-Gusht-2023-1024x870.png 1024w, https:\/\/degertauto.com\/wp-content\/uploads\/2023\/10\/Pjesemarrje-e-drejtuesve-te-shitjeve-prane-ambienteve-te-GRUPIT-ZF-me-vendodhje-ne-Gjermani-Gusht-2023-768x653.png 768w\" sizes=\"auto, (max-width: 1280px) 100vw, 1280px\" \/><\/div><\/a>\n\t\t\t\t<div class=\"elementor-post__badge\">Seminari e Formazioni<\/div>\n\t\t\t\t<div class=\"elementor-post__text\">\n\t\t\t\t<h3 class=\"elementor-post__title\">\n\t\t\t<a href=\"https:\/\/degertauto.com\/it\/partecipazione-e-formazione-presso-gruppo-zf-germania-agosto-2023\/\" >\n\t\t\t\tPartecipazione e Formazione presso Gruppo ZF, Germania &#8211; Agosto 2023\t\t\t<\/a>\n\t\t<\/h3>\n\t\t\t\t<\/div>\n\t\t\t\t\t<\/div>\n\t\t<\/article>\n\t\t\t\t<article class=\"elementor-post elementor-grid-item post-7002 post type-post status-publish format-standard has-post-thumbnail hentry category-seminari-e-formazioni\">\n\t\t\t<div class=\"elementor-post__card\">\n\t\t\t\t<a class=\"elementor-post__thumbnail__link\" href=\"https:\/\/degertauto.com\/it\/partecipazione-e-formazione-presso-sampa-turchia-ottobre-2022\/\" ><div class=\"elementor-post__thumbnail\"><img loading=\"lazy\" decoding=\"async\" width=\"1090\" height=\"613\" src=\"https:\/\/degertauto.com\/wp-content\/uploads\/2023\/10\/Tetor-2022.jpg\" class=\"attachment-full size-full wp-image-5589\" alt=\"\" srcset=\"https:\/\/degertauto.com\/wp-content\/uploads\/2023\/10\/Tetor-2022.jpg 1090w, https:\/\/degertauto.com\/wp-content\/uploads\/2023\/10\/Tetor-2022-300x169.jpg 300w, https:\/\/degertauto.com\/wp-content\/uploads\/2023\/10\/Tetor-2022-1024x576.jpg 1024w, https:\/\/degertauto.com\/wp-content\/uploads\/2023\/10\/Tetor-2022-768x432.jpg 768w\" sizes=\"auto, (max-width: 1090px) 100vw, 1090px\" \/><\/div><\/a>\n\t\t\t\t<div class=\"elementor-post__badge\">Seminari e Formazioni<\/div>\n\t\t\t\t<div class=\"elementor-post__text\">\n\t\t\t\t<h3 class=\"elementor-post__title\">\n\t\t\t<a href=\"https:\/\/degertauto.com\/it\/partecipazione-e-formazione-presso-sampa-turchia-ottobre-2022\/\" >\n\t\t\t\tPartecipazione e Formazione presso Sampa, Turchia &#8211; Ottobre 2022\t\t\t<\/a>\n\t\t<\/h3>\n\t\t\t\t<\/div>\n\t\t\t\t\t<\/div>\n\t\t<\/article>\n\t\t\t\t<article class=\"elementor-post elementor-grid-item post-6957 post type-post status-publish format-standard has-post-thumbnail hentry category-eventi-del-personale\">\n\t\t\t<div class=\"elementor-post__card\">\n\t\t\t\t<a class=\"elementor-post__thumbnail__link\" href=\"https:\/\/degertauto.com\/it\/festivita-di-fine-anno-dicembre-2022\/\" ><div class=\"elementor-post__thumbnail\"><img loading=\"lazy\" decoding=\"async\" width=\"1514\" height=\"836\" src=\"https:\/\/degertauto.com\/wp-content\/uploads\/2023\/10\/Festa-e-Fundvitit-Dhjetor-2022.png\" class=\"attachment-full size-full wp-image-5525\" alt=\"\" srcset=\"https:\/\/degertauto.com\/wp-content\/uploads\/2023\/10\/Festa-e-Fundvitit-Dhjetor-2022.png 1514w, https:\/\/degertauto.com\/wp-content\/uploads\/2023\/10\/Festa-e-Fundvitit-Dhjetor-2022-300x166.png 300w, https:\/\/degertauto.com\/wp-content\/uploads\/2023\/10\/Festa-e-Fundvitit-Dhjetor-2022-1024x565.png 1024w, https:\/\/degertauto.com\/wp-content\/uploads\/2023\/10\/Festa-e-Fundvitit-Dhjetor-2022-768x424.png 768w\" sizes=\"auto, (max-width: 1514px) 100vw, 1514px\" \/><\/div><\/a>\n\t\t\t\t<div class=\"elementor-post__badge\">Eventi del personale<\/div>\n\t\t\t\t<div class=\"elementor-post__text\">\n\t\t\t\t<h3 class=\"elementor-post__title\">\n\t\t\t<a href=\"https:\/\/degertauto.com\/it\/festivita-di-fine-anno-dicembre-2022\/\" >\n\t\t\t\tFestivit\u00e0 di fine anno, Dicembre 2022\t\t\t<\/a>\n\t\t<\/h3>\n\t\t\t\t<\/div>\n\t\t\t\t\t<\/div>\n\t\t<\/article>\n\t\t\t\t<article class=\"elementor-post elementor-grid-item post-6958 post type-post status-publish format-standard has-post-thumbnail hentry category-eventi-del-personale\">\n\t\t\t<div class=\"elementor-post__card\">\n\t\t\t\t<a class=\"elementor-post__thumbnail__link\" href=\"https:\/\/degertauto.com\/it\/sorpresa-allinterno-del-personale-aprile-2021\/\" ><div class=\"elementor-post__thumbnail\"><img loading=\"lazy\" decoding=\"async\" width=\"1282\" height=\"955\" src=\"https:\/\/degertauto.com\/wp-content\/uploads\/2023\/10\/Surprize-brenda-stafit-Prill-2021.png\" class=\"attachment-full size-full wp-image-5529\" alt=\"\" srcset=\"https:\/\/degertauto.com\/wp-content\/uploads\/2023\/10\/Surprize-brenda-stafit-Prill-2021.png 1282w, https:\/\/degertauto.com\/wp-content\/uploads\/2023\/10\/Surprize-brenda-stafit-Prill-2021-300x223.png 300w, https:\/\/degertauto.com\/wp-content\/uploads\/2023\/10\/Surprize-brenda-stafit-Prill-2021-1024x763.png 1024w, https:\/\/degertauto.com\/wp-content\/uploads\/2023\/10\/Surprize-brenda-stafit-Prill-2021-768x572.png 768w\" sizes=\"auto, (max-width: 1282px) 100vw, 1282px\" \/><\/div><\/a>\n\t\t\t\t<div class=\"elementor-post__badge\">Eventi del personale<\/div>\n\t\t\t\t<div class=\"elementor-post__text\">\n\t\t\t\t<h3 class=\"elementor-post__title\">\n\t\t\t<a href=\"https:\/\/degertauto.com\/it\/sorpresa-allinterno-del-personale-aprile-2021\/\" >\n\t\t\t\tSorpresa all\u2019interno del personale, Aprile 2021\t\t\t<\/a>\n\t\t<\/h3>\n\t\t\t\t<\/div>\n\t\t\t\t\t<\/div>\n\t\t<\/article>\n\t\t\t\t<article class=\"elementor-post elementor-grid-item post-6959 post type-post status-publish format-standard has-post-thumbnail hentry category-eventi-del-personale\">\n\t\t\t<div class=\"elementor-post__card\">\n\t\t\t\t<a class=\"elementor-post__thumbnail__link\" href=\"https:\/\/degertauto.com\/it\/fine-settimana-a-lumi-i-shales-luglio-2019\/\" ><div class=\"elementor-post__thumbnail\"><img loading=\"lazy\" decoding=\"async\" width=\"1020\" height=\"769\" src=\"https:\/\/degertauto.com\/wp-content\/uploads\/2023\/10\/Fundjave-tek-Lumi-i-ShalesKorrik-2019.png\" class=\"attachment-full size-full wp-image-5537\" alt=\"\" srcset=\"https:\/\/degertauto.com\/wp-content\/uploads\/2023\/10\/Fundjave-tek-Lumi-i-ShalesKorrik-2019.png 1020w, https:\/\/degertauto.com\/wp-content\/uploads\/2023\/10\/Fundjave-tek-Lumi-i-ShalesKorrik-2019-300x226.png 300w, https:\/\/degertauto.com\/wp-content\/uploads\/2023\/10\/Fundjave-tek-Lumi-i-ShalesKorrik-2019-768x579.png 768w\" sizes=\"auto, (max-width: 1020px) 100vw, 1020px\" \/><\/div><\/a>\n\t\t\t\t<div class=\"elementor-post__badge\">Eventi del personale<\/div>\n\t\t\t\t<div class=\"elementor-post__text\">\n\t\t\t\t<h3 class=\"elementor-post__title\">\n\t\t\t<a href=\"https:\/\/degertauto.com\/it\/fine-settimana-a-lumi-i-shales-luglio-2019\/\" >\n\t\t\t\tFine settimana a Lumi i Shal\u00ebs, Luglio 2019\t\t\t<\/a>\n\t\t<\/h3>\n\t\t\t\t<\/div>\n\t\t\t\t\t<\/div>\n\t\t<\/article>\n\t\t\t\t<article class=\"elementor-post elementor-grid-item post-6960 post type-post status-publish format-standard has-post-thumbnail hentry category-eventi-del-personale\">\n\t\t\t<div class=\"elementor-post__card\">\n\t\t\t\t<a class=\"elementor-post__thumbnail__link\" href=\"https:\/\/degertauto.com\/it\/fine-settimana-a-korce-dicembre-2019\/\" ><div class=\"elementor-post__thumbnail\"><img loading=\"lazy\" decoding=\"async\" width=\"1280\" height=\"810\" src=\"https:\/\/degertauto.com\/wp-content\/uploads\/2023\/10\/Fundjave-ne-Korce-Dhjetor-2019.png\" class=\"attachment-full size-full wp-image-5533\" alt=\"\" srcset=\"https:\/\/degertauto.com\/wp-content\/uploads\/2023\/10\/Fundjave-ne-Korce-Dhjetor-2019.png 1280w, https:\/\/degertauto.com\/wp-content\/uploads\/2023\/10\/Fundjave-ne-Korce-Dhjetor-2019-300x190.png 300w, https:\/\/degertauto.com\/wp-content\/uploads\/2023\/10\/Fundjave-ne-Korce-Dhjetor-2019-1024x648.png 1024w, https:\/\/degertauto.com\/wp-content\/uploads\/2023\/10\/Fundjave-ne-Korce-Dhjetor-2019-768x486.png 768w\" sizes=\"auto, (max-width: 1280px) 100vw, 1280px\" \/><\/div><\/a>\n\t\t\t\t<div class=\"elementor-post__badge\">Eventi del personale<\/div>\n\t\t\t\t<div class=\"elementor-post__text\">\n\t\t\t\t<h3 class=\"elementor-post__title\">\n\t\t\t<a href=\"https:\/\/degertauto.com\/it\/fine-settimana-a-korce-dicembre-2019\/\" >\n\t\t\t\tFine settimana a Kor\u00e7\u00eb, Dicembre 2019\t\t\t<\/a>\n\t\t<\/h3>\n\t\t\t\t<\/div>\n\t\t\t\t\t<\/div>\n\t\t<\/article>\n\t\t\t\t<article class=\"elementor-post elementor-grid-item post-6989 post type-post status-publish format-standard has-post-thumbnail hentry category-partecipazione-a-fiere\">\n\t\t\t<div class=\"elementor-post__card\">\n\t\t\t\t<a class=\"elementor-post__thumbnail__link\" href=\"https:\/\/degertauto.com\/it\/fiera-degli-affari-2019\/\" ><div class=\"elementor-post__thumbnail\"><img loading=\"lazy\" decoding=\"async\" width=\"1280\" height=\"853\" src=\"https:\/\/degertauto.com\/wp-content\/uploads\/2023\/08\/GDGW6872.jpg\" class=\"attachment-full size-full wp-image-4533\" alt=\"\" srcset=\"https:\/\/degertauto.com\/wp-content\/uploads\/2023\/08\/GDGW6872.jpg 1280w, https:\/\/degertauto.com\/wp-content\/uploads\/2023\/08\/GDGW6872-300x200.jpg 300w, https:\/\/degertauto.com\/wp-content\/uploads\/2023\/08\/GDGW6872-1024x682.jpg 1024w, https:\/\/degertauto.com\/wp-content\/uploads\/2023\/08\/GDGW6872-768x512.jpg 768w\" sizes=\"auto, (max-width: 1280px) 100vw, 1280px\" \/><\/div><\/a>\n\t\t\t\t<div class=\"elementor-post__badge\">Partecipazione a fiere<\/div>\n\t\t\t\t<div class=\"elementor-post__text\">\n\t\t\t\t<h3 class=\"elementor-post__title\">\n\t\t\t<a href=\"https:\/\/degertauto.com\/it\/fiera-degli-affari-2019\/\" >\n\t\t\t\tFiera degli Affari 2019\t\t\t<\/a>\n\t\t<\/h3>\n\t\t\t\t<\/div>\n\t\t\t\t\t<\/div>\n\t\t<\/article>\n\t\t\t\t<article class=\"elementor-post elementor-grid-item post-6982 post type-post status-publish format-standard has-post-thumbnail hentry category-inaugurazioni\">\n\t\t\t<div class=\"elementor-post__card\">\n\t\t\t\t<a class=\"elementor-post__thumbnail__link\" href=\"https:\/\/degertauto.com\/it\/inaugurazione-del-negozio-a-korca-2019\/\" ><div class=\"elementor-post__thumbnail\"><img loading=\"lazy\" decoding=\"async\" width=\"1000\" height=\"667\" src=\"https:\/\/degertauto.com\/wp-content\/uploads\/2023\/08\/MG_9821.jpg\" class=\"attachment-full size-full wp-image-4185\" alt=\"\" srcset=\"https:\/\/degertauto.com\/wp-content\/uploads\/2023\/08\/MG_9821.jpg 1000w, https:\/\/degertauto.com\/wp-content\/uploads\/2023\/08\/MG_9821-300x200.jpg 300w, https:\/\/degertauto.com\/wp-content\/uploads\/2023\/08\/MG_9821-768x512.jpg 768w\" sizes=\"auto, (max-width: 1000px) 100vw, 1000px\" \/><\/div><\/a>\n\t\t\t\t<div class=\"elementor-post__badge\">Inaugurazioni<\/div>\n\t\t\t\t<div class=\"elementor-post__text\">\n\t\t\t\t<h3 class=\"elementor-post__title\">\n\t\t\t<a href=\"https:\/\/degertauto.com\/it\/inaugurazione-del-negozio-a-korca-2019\/\" >\n\t\t\t\tInaugurazione del negozio a Kor\u00e7a 2019\t\t\t<\/a>\n\t\t<\/h3>\n\t\t\t\t<\/div>\n\t\t\t\t\t<\/div>\n\t\t<\/article>\n\t\t\t\t<\/div>\n\n\n\t\t\t\t\t<span class=\"e-load-more-spinner\">\n\t\t\t\t<i aria-hidden=\"true\" class=\"fas fa-spinner\"><\/i>\t\t\t<\/span>\n\t\t\n\t\t\t\t<div class=\"e-load-more-anchor\" data-page=\"1\" data-max-page=\"2\" data-next-page=\"https:\/\/degertauto.com\/it\/wp-json\/wp\/v2\/pages\/6742\/page\/2\/\"><\/div>\n\t\t\t\t<div class=\"elementor-button-wrapper\">\n\t\t\t<a href=\"#\" class=\"elementor-button-link elementor-button\" role=\"button\">\n\t\t\t\t\t\t<span class=\"elementor-button-content-wrapper\">\n\t\t\t\t\t\t<span class=\"elementor-button-text\">Scopri di pi\u00f9<\/span>\n\t\t<\/span>\n\t\t\t\t\t<\/a>\n\t\t<\/div>\n\t\t\t\t<div class=\"e-load-more-message\">Non sono stati trovati altri post.<\/div>\n\t\t\t\t<\/div>\n\t\t\t\t<\/div>\n\t\t\t\t<\/div>\n\t\t\t\t\t<\/div>\n\t\t\t\t<\/div>\n\t\t\t\t\t\t\t<\/div>\n\t\t","protected":false},"excerpt":{"rendered":"<p>EVENTI DEL PERSONALE Scopri di pi\u00f9 INAUGURAZIONI Scopri di pi\u00f9 PARTECIPAZIONE A FIERE Scopri di pi\u00f9 SEMINARI e FORMAZIONI Scopri<\/p>\n","protected":false},"author":1,"featured_media":0,"parent":0,"menu_order":0,"comment_status":"closed","ping_status":"closed","template":"elementor_header_footer","meta":{"footnotes":""},"class_list":["post-6742","page","type-page","status-publish","hentry"],"acf":[],"_links":{"self":[{"href":"https:\/\/degertauto.com\/it\/wp-json\/wp\/v2\/pages\/6742","targetHints":{"allow":["GET"]}}],"collection":[{"href":"https:\/\/degertauto.com\/it\/wp-json\/wp\/v2\/pages"}],"about":[{"href":"https:\/\/degertauto.com\/it\/wp-json\/wp\/v2\/types\/page"}],"author":[{"embeddable":true,"href":"https:\/\/degertauto.com\/it\/wp-json\/wp\/v2\/users\/1"}],"replies":[{"embeddable":true,"href":"https:\/\/degertauto.com\/it\/wp-json\/wp\/v2\/comments?post=6742"}],"version-history":[{"count":13,"href":"https:\/\/degertauto.com\/it\/wp-json\/wp\/v2\/pages\/6742\/revisions"}],"predecessor-version":[{"id":8403,"href":"https:\/\/degertauto.com\/it\/wp-json\/wp\/v2\/pages\/6742\/revisions\/8403"}],"wp:attachment":[{"href":"https:\/\/degertauto.com\/it\/wp-json\/wp\/v2\/media?parent=6742"}],"curies":[{"name":"wp","href":"https:\/\/api.w.org\/{rel}","templated":true}]}}